{"id":8303,"date":"2024-01-24T09:37:42","date_gmt":"2024-01-24T09:37:42","guid":{"rendered":"https:\/\/basetryp.tryplisboacaparica.com\/eventos-corporate\/"},"modified":"2025-01-14T17:51:34","modified_gmt":"2025-01-14T17:51:34","slug":"geschaeftliche-veranstaltungen","status":"publish","type":"page","link":"https:\/\/www.trypportoexpo.com\/de\/geschaeftliche-veranstaltungen\/","title":{"rendered":"Gesch\u00e4ftliche Veranstaltungen"},"content":{"rendered":"\t\t<div data-elementor-type=\"wp-page\" data-elementor-id=\"8303\" class=\"elementor elementor-8303 elementor-4159\" data-elementor-post-type=\"page\">\n\t\t\t\t<section class=\"elementor-element elementor-element-9d18320 e-con-full e-flex e-con e-parent\" data-id=\"9d18320\" data-element_type=\"container\" data-settings=\"{&quot;background_background&quot;:&quot;classic&quot;}\">\n\t\t<div class=\"elementor-element elementor-element-edc3c07 e-con-full e-flex e-con e-child\" data-id=\"edc3c07\" data-element_type=\"container\">\n\t\t\t\t<div class=\"elementor-element elementor-element-0517a6e elementor-widget elementor-widget-heading\" data-id=\"0517a6e\" data-element_type=\"widget\" data-widget_type=\"heading.default\">\n\t\t\t\t<div class=\"elementor-widget-container\">\n\t\t\t\t\t<h1 class=\"elementor-heading-title elementor-size-default\">Gesch\u00e4ftliche<\/h1>\t\t\t\t<\/div>\n\t\t\t\t<\/div>\n\t\t\t\t<div class=\"elementor-element elementor-element-14f695f elementor-widget elementor-widget-heading\" data-id=\"14f695f\" data-element_type=\"widget\" data-widget_type=\"heading.default\">\n\t\t\t\t<div class=\"elementor-widget-container\">\n\t\t\t\t\t<h2 class=\"elementor-heading-title elementor-size-default\">Veranstaltungen<\/h2>\t\t\t\t<\/div>\n\t\t\t\t<\/div>\n\t\t\t\t<\/div>\n\t\t\t\t<\/section>\n\t\t<section class=\"elementor-element elementor-element-8e7a29a e-con-full e-flex e-con e-parent\" data-id=\"8e7a29a\" data-element_type=\"container\">\n\t\t\t\t<div class=\"elementor-element elementor-element-5428f0b elementor-widget elementor-widget-text-editor\" data-id=\"5428f0b\" data-element_type=\"widget\" data-widget_type=\"text-editor.default\">\n\t\t\t\t<div class=\"elementor-widget-container\">\n\t\t\t\t\t\t\t\t\t<p>Das TRYP Porto Expo befindet sich nur wenige Meter von der internationalen Messe Exponor &#8211; Porto entfernt und in unmittelbarer N\u00e4he des internationalen Flughafens, des Strandes Matosinhos, des NorteShopping und des Stadtzentrums von Porto, das Sie in den kurzen Pausen zwischen den Veranstaltungen besuchen k\u00f6nnen. Sie k\u00f6nnen sich auf ein spezialisiertes Team von Fachleuten verlassen, das Ihnen integrierte L\u00f6sungen und ganz pers\u00f6nliche Dienstleistungen anbietet, damit Ihr gesellschaftliches oder unternehmerisches Ereignis zu einem unvergesslichen Ereignis wird.<\/p>\t\t\t\t\t\t\t\t<\/div>\n\t\t\t\t<\/div>\n\t\t\t\t<\/section>\n\t\t<section class=\"elementor-element elementor-element-540cb73 e-con-full e-flex e-con e-parent\" data-id=\"540cb73\" data-element_type=\"container\">\n\t\t<div class=\"elementor-element elementor-element-e3e1f7c e-con-full e-flex e-con e-child\" data-id=\"e3e1f7c\" data-element_type=\"container\" data-settings=\"{&quot;background_background&quot;:&quot;classic&quot;}\">\n\t\t\t\t<div class=\"elementor-element elementor-element-917d9c4 elementor-widget elementor-widget-spacer\" data-id=\"917d9c4\" data-element_type=\"widget\" data-widget_type=\"spacer.default\">\n\t\t\t\t<div class=\"elementor-widget-container\">\n\t\t\t\t\t\t\t<div class=\"elementor-spacer\">\n\t\t\t<div class=\"elementor-spacer-inner\"><\/div>\n\t\t<\/div>\n\t\t\t\t\t\t<\/div>\n\t\t\t\t<\/div>\n\t\t\t\t<\/div>\n\t\t<div class=\"elementor-element elementor-element-75fb5c0 e-con-full e-flex e-con e-child\" data-id=\"75fb5c0\" data-element_type=\"container\">\n\t\t<div class=\"elementor-element elementor-element-5fdd577 e-con-full e-flex e-con e-child\" data-id=\"5fdd577\" data-element_type=\"container\">\n\t\t\t\t<div class=\"elementor-element elementor-element-de5a346 elementor-widget elementor-widget-heading\" data-id=\"de5a346\" data-element_type=\"widget\" data-widget_type=\"heading.default\">\n\t\t\t\t<div class=\"elementor-widget-container\">\n\t\t\t\t\t<h2 class=\"elementor-heading-title elementor-size-default\">TAGUNGSR\u00c4UME<\/h2>\t\t\t\t<\/div>\n\t\t\t\t<\/div>\n\t\t\t\t<div class=\"elementor-element elementor-element-ca4faff elementor-widget elementor-widget-text-editor\" data-id=\"ca4faff\" data-element_type=\"widget\" data-widget_type=\"text-editor.default\">\n\t\t\t\t<div class=\"elementor-widget-container\">\n\t\t\t\t\t\t\t\t\t<p>Das Hotel Tryp Porto Expo verf\u00fcgt \u00fcber 10 Tagungsr\u00e4ume mit audiovisueller Technik, die Ihnen helfen, die gew\u00fcnschte Atmosph\u00e4re zu schaffen. Diese R\u00e4ume, kombiniert mit einer breiten Palette an erg\u00e4nzenden Dienstleistungen, garantieren den Erfolg Ihres Meetings oder Ihrer Pr\u00e4sentation. Sie k\u00f6nnen auch die Einrichtungen des Hotels und seine privilegierte, zentrale Lage nutzen.<\/p><p><strong>&#8220;EINE TRYP-MEETING IST EINE GUT VORBEREITETE MEETING&#8221;<\/strong><\/p>\t\t\t\t\t\t\t\t<\/div>\n\t\t\t\t<\/div>\n\t\t<div class=\"elementor-element elementor-element-a4d6481 e-flex e-con-boxed e-con e-child\" data-id=\"a4d6481\" data-element_type=\"container\" data-settings=\"{&quot;background_background&quot;:&quot;classic&quot;}\">\n\t\t\t\t\t<div class=\"e-con-inner\">\n\t\t\t\t<div class=\"elementor-element elementor-element-dc2234a elementor-widget__width-initial elementor-widget elementor-widget-button\" data-id=\"dc2234a\" data-element_type=\"widget\" data-widget_type=\"button.default\">\n\t\t\t\t<div class=\"elementor-widget-container\">\n\t\t\t\t\t\t\t\t\t<div class=\"elementor-button-wrapper\">\n\t\t\t\t\t<a class=\"elementor-button elementor-button-link elementor-size-sm\" href=\"#maisinfo\">\n\t\t\t\t\t\t<span class=\"elementor-button-content-wrapper\">\n\t\t\t\t\t\t\t\t\t<span class=\"elementor-button-text\">Weitere Informationen<\/span>\n\t\t\t\t\t<\/span>\n\t\t\t\t\t<\/a>\n\t\t\t\t<\/div>\n\t\t\t\t\t\t\t\t<\/div>\n\t\t\t\t<\/div>\n\t\t\t\t\t<\/div>\n\t\t\t\t<\/div>\n\t\t\t\t<\/div>\n\t\t\t\t<\/div>\n\t\t\t\t<\/section>\n\t\t<section class=\"elementor-element elementor-element-9dc22db e-con-full e-flex e-con e-parent\" data-id=\"9dc22db\" data-element_type=\"container\">\n\t\t<div class=\"elementor-element elementor-element-a46bd43 e-con-full e-flex e-con e-child\" data-id=\"a46bd43\" data-element_type=\"container\">\n\t\t<div class=\"elementor-element elementor-element-fed2038 e-con-full e-flex e-con e-child\" data-id=\"fed2038\" data-element_type=\"container\">\n\t\t\t\t<div class=\"elementor-element elementor-element-35f6387 elementor-widget elementor-widget-heading\" data-id=\"35f6387\" data-element_type=\"widget\" data-widget_type=\"heading.default\">\n\t\t\t\t<div class=\"elementor-widget-container\">\n\t\t\t\t\t<h2 class=\"elementor-heading-title elementor-size-default\">BANKETTEN<\/h2>\t\t\t\t<\/div>\n\t\t\t\t<\/div>\n\t\t\t\t<div class=\"elementor-element elementor-element-c457ae0 elementor-widget__width-initial elementor-widget elementor-widget-text-editor\" data-id=\"c457ae0\" data-element_type=\"widget\" data-widget_type=\"text-editor.default\">\n\t\t\t\t<div class=\"elementor-widget-container\">\n\t\t\t\t\t\t\t\t\t<p>Feiern Sie gemeinsame Erfolge im Tryp Porto Expo Hotel. Wir bieten verschiedene Optionen f\u00fcr Men\u00fcs, Kuchen, Animation und Dekoration, damit Ihr Bankett so verl\u00e4uft, wie Sie es sich immer ertr\u00e4umt haben. Versammeln Sie all Ihre Kollegen und Freunde zu einem unvergesslichen Bankett, verlassen Sie sich auf einen professionellen Catering-Service und gestalten Sie den Raum nach Ihren W\u00fcnschen. Sprechen Sie mit uns und entdecken Sie alle Sonderprogramme, die wir f\u00fcr Ihr Unternehmen haben.<\/p><p><strong> \u201cGUTE IDEEN KOMMEN IMMER AUF DEN TISCH\u201d<\/strong><\/p>\t\t\t\t\t\t\t\t<\/div>\n\t\t\t\t<\/div>\n\t\t\t\t<div class=\"elementor-element elementor-element-12d8db0 elementor-widget__width-initial elementor-widget elementor-widget-button\" data-id=\"12d8db0\" data-element_type=\"widget\" data-widget_type=\"button.default\">\n\t\t\t\t<div class=\"elementor-widget-container\">\n\t\t\t\t\t\t\t\t\t<div class=\"elementor-button-wrapper\">\n\t\t\t\t\t<a class=\"elementor-button elementor-button-link elementor-size-sm\" href=\"#maisinfo\">\n\t\t\t\t\t\t<span class=\"elementor-button-content-wrapper\">\n\t\t\t\t\t\t\t\t\t<span class=\"elementor-button-text\">Weitere Informationen<\/span>\n\t\t\t\t\t<\/span>\n\t\t\t\t\t<\/a>\n\t\t\t\t<\/div>\n\t\t\t\t\t\t\t\t<\/div>\n\t\t\t\t<\/div>\n\t\t\t\t<\/div>\n\t\t\t\t<\/div>\n\t\t<div class=\"elementor-element elementor-element-a89ee97 e-con-full e-flex e-con e-child\" data-id=\"a89ee97\" data-element_type=\"container\" data-settings=\"{&quot;background_background&quot;:&quot;classic&quot;}\">\n\t\t\t\t<div class=\"elementor-element elementor-element-f749091 elementor-widget elementor-widget-spacer\" data-id=\"f749091\" data-element_type=\"widget\" data-widget_type=\"spacer.default\">\n\t\t\t\t<div class=\"elementor-widget-container\">\n\t\t\t\t\t\t\t<div class=\"elementor-spacer\">\n\t\t\t<div class=\"elementor-spacer-inner\"><\/div>\n\t\t<\/div>\n\t\t\t\t\t\t<\/div>\n\t\t\t\t<\/div>\n\t\t\t\t<\/div>\n\t\t\t\t<\/section>\n\t\t<div class=\"elementor-element elementor-element-0f59b90 e-con-full e-flex e-con e-parent\" data-id=\"0f59b90\" data-element_type=\"container\">\n\t\t\t\t<div class=\"elementor-element elementor-element-947806e elementor-widget elementor-widget-heading\" data-id=\"947806e\" data-element_type=\"widget\" data-widget_type=\"heading.default\">\n\t\t\t\t<div class=\"elementor-widget-container\">\n\t\t\t\t\t<h5 class=\"elementor-heading-title elementor-size-default\">Galerie<\/h5>\t\t\t\t<\/div>\n\t\t\t\t<\/div>\n\t\t\t\t<div class=\"elementor-element elementor-element-4e202f4 elementor-skin-carousel elementor-arrows-yes elementor-pagination-type-bullets elementor-pagination-position-outside elementor-widget elementor-widget-hoti-gallery-slider\" data-id=\"4e202f4\" data-element_type=\"widget\" data-settings=\"{&quot;slides_per_view&quot;:&quot;3&quot;,&quot;skin&quot;:&quot;carousel&quot;,&quot;effect&quot;:&quot;slide&quot;,&quot;show_arrows&quot;:&quot;yes&quot;,&quot;pagination&quot;:&quot;bullets&quot;,&quot;speed&quot;:500,&quot;autoplay&quot;:&quot;yes&quot;,&quot;autoplay_speed&quot;:5000,&quot;pause_on_hover&quot;:&quot;yes&quot;,&quot;pause_on_interaction&quot;:&quot;yes&quot;,&quot;space_between&quot;:{&quot;unit&quot;:&quot;px&quot;,&quot;size&quot;:10,&quot;sizes&quot;:[]},&quot;space_between_tablet_extra&quot;:{&quot;unit&quot;:&quot;px&quot;,&quot;size&quot;:10,&quot;sizes&quot;:[]},&quot;space_between_tablet&quot;:{&quot;unit&quot;:&quot;px&quot;,&quot;size&quot;:10,&quot;sizes&quot;:[]},&quot;space_between_mobile_extra&quot;:{&quot;unit&quot;:&quot;px&quot;,&quot;size&quot;:10,&quot;sizes&quot;:[]},&quot;space_between_mobile&quot;:{&quot;unit&quot;:&quot;px&quot;,&quot;size&quot;:10,&quot;sizes&quot;:[]}}\" data-widget_type=\"hoti-gallery-slider.default\">\n\t\t\t\t<div class=\"elementor-widget-container\">\n\t\t\t\t\t\t\t\t\t<div class=\"elementor-swiper\">\n\t\t\t\t\t<div class=\"elementor-main-swiper swiper\" role=\"region\" aria-roledescription=\"carousel\" aria-label=\"Slider\">\n\t\t\t\t<div class=\"swiper-wrapper\">\n\t\t\t\t\t\t\t\t\t\t\t<div class=\"swiper-slide\" role=\"group\" aria-roledescription=\"slide\">\n\t\t\t\t\t\t\t\t\t<div class=\"elementor-carousel-image landscape\" role=\"img\" aria-label=\"Tryp Porto Expo Sala\" style=\"background-image: url(&#039;https:\/\/www.trypportoexpo.com\/wp-content\/uploads\/sites\/12\/2024\/04\/Tryp-Porto-Expo-Sala.jpg&#039;)\">\r\n\r\n\t\t\t\r\n\t\t\t\t\t<\/div>\r\n\t\t\t\t\t\t\t\t<\/div>\n\t\t\t\t\t\t\t\t\t\t\t<div class=\"swiper-slide\" role=\"group\" aria-roledescription=\"slide\">\n\t\t\t\t\t\t\t\t\t<div class=\"elementor-carousel-image landscape\" role=\"img\" aria-label=\"Tryp Porto Expo Sala Gal\u00e9\" style=\"background-image: url(&#039;https:\/\/www.trypportoexpo.com\/wp-content\/uploads\/sites\/12\/2024\/04\/Tryp-Porto-Expo-Sala-Gale.jpg&#039;)\">\r\n\r\n\t\t\t\r\n\t\t\t\t\t<\/div>\r\n\t\t\t\t\t\t\t\t<\/div>\n\t\t\t\t\t\t\t\t\t\t\t<div class=\"swiper-slide\" role=\"group\" aria-roledescription=\"slide\">\n\t\t\t\t\t\t\t\t\t<div class=\"elementor-carousel-image landscape\" role=\"img\" aria-label=\"Tryp Porto Expo Sala Caravela\" style=\"background-image: url(&#039;https:\/\/www.trypportoexpo.com\/wp-content\/uploads\/sites\/12\/2024\/04\/Tryp-Porto-Expo-Sala-Caravela-1.jpg&#039;)\">\r\n\r\n\t\t\t\r\n\t\t\t\t\t<\/div>\r\n\t\t\t\t\t\t\t\t<\/div>\n\t\t\t\t\t\t\t\t\t\t\t<div class=\"swiper-slide\" role=\"group\" aria-roledescription=\"slide\">\n\t\t\t\t\t\t\t\t\t<div class=\"elementor-carousel-image landscape\" role=\"img\" aria-label=\"Tryp Porto Expo Sala Caravela\" style=\"background-image: url(&#039;https:\/\/www.trypportoexpo.com\/wp-content\/uploads\/sites\/12\/2024\/04\/Tryp-Porto-Expo-Sala-Caravela.jpg&#039;)\">\r\n\r\n\t\t\t\r\n\t\t\t\t\t<\/div>\r\n\t\t\t\t\t\t\t\t<\/div>\n\t\t\t\t\t\t\t\t\t<\/div>\n\t\t\t\t\t\t\t\t\t\t\t\t\t\t\t<div class=\"elementor-swiper-button elementor-swiper-button-prev\" role=\"button\" tabindex=\"0\" aria-label=\"Voriger\">\n\t\t\t\t\t\t\t<i aria-hidden=\"true\" class=\"eicon-chevron-left\"><\/i>\t\t\t\t\t\t<\/div>\n\t\t\t\t\t\t<div class=\"elementor-swiper-button elementor-swiper-button-next\" role=\"button\" tabindex=\"0\" aria-label=\"N\u00e4chster\">\n\t\t\t\t\t\t\t<i aria-hidden=\"true\" class=\"eicon-chevron-right\"><\/i>\t\t\t\t\t\t<\/div>\n\t\t\t\t\t\t\t\t\t\t\t\t\t\t\t\t<div class=\"swiper-pagination\"><\/div>\n\t\t\t\t\t\t\t\t\t\t\t\t<\/div>\n\t\t\t\t<\/div>\n\t\t\t\t\t\t\t\t<\/div>\n\t\t\t\t<\/div>\n\t\t\t\t<\/div>\n\t\t<div class=\"elementor-element elementor-element-63e84f2 e-con-full e-flex e-con e-parent\" data-id=\"63e84f2\" data-element_type=\"container\" id=\"maisinfo\">\n\t\t<div class=\"elementor-element elementor-element-b1b4f3c e-con-full e-flex e-con e-child\" data-id=\"b1b4f3c\" data-element_type=\"container\" data-settings=\"{&quot;background_background&quot;:&quot;classic&quot;}\">\n\t\t\t\t<div class=\"elementor-element elementor-element-b2bdd52 elementor-widget elementor-widget-heading\" data-id=\"b2bdd52\" data-element_type=\"widget\" data-widget_type=\"heading.default\">\n\t\t\t\t<div class=\"elementor-widget-container\">\n\t\t\t\t\t<h5 class=\"elementor-heading-title elementor-size-default\">Machen sie Ihre reservierung<\/h5>\t\t\t\t<\/div>\n\t\t\t\t<\/div>\n\t\t\t\t<div class=\"elementor-element elementor-element-478b1b9 elementor-widget elementor-widget-template\" data-id=\"478b1b9\" data-element_type=\"widget\" data-widget_type=\"template.default\">\n\t\t\t\t<div class=\"elementor-widget-container\">\n\t\t\t\t\t\t\t<div class=\"elementor-template\">\n\t\t\t\t\t<div data-elementor-type=\"container\" data-elementor-id=\"17276\" class=\"elementor elementor-17276 elementor-17261\" data-elementor-post-type=\"elementor_library\">\n\t\t\t\t<div class=\"elementor-element elementor-element-a870136 e-con-full e-flex e-con e-parent\" data-id=\"a870136\" data-element_type=\"container\">\n\t\t\t\t<div class=\"elementor-element elementor-element-f932eei elementor-button-align-start spa-form elementor-widget elementor-widget-form\" data-id=\"f932eei\" data-element_type=\"widget\" data-settings=\"{&quot;step_next_label&quot;:&quot;Next&quot;,&quot;step_previous_label&quot;:&quot;Previous&quot;,&quot;button_width&quot;:&quot;100&quot;,&quot;step_type&quot;:&quot;number_text&quot;,&quot;step_icon_shape&quot;:&quot;circle&quot;}\" data-widget_type=\"form.default\">\n\t\t\t\t<div class=\"elementor-widget-container\">\n\t\t\t\t\t\t\t<form class=\"elementor-form\" method=\"post\" name=\"Form Reservar Evento Corporate DE\">\n\t\t\t<input type=\"hidden\" name=\"post_id\" value=\"17276\"\/>\n\t\t\t<input type=\"hidden\" name=\"form_id\" value=\"f932eei\"\/>\n\t\t\t<input type=\"hidden\" name=\"referer_title\" value=\"Tryp Porto Expo\" \/>\n\n\t\t\t\n\t\t\t<div class=\"elementor-form-fields-wrapper elementor-labels-\">\n\t\t\t\t\t\t\t\t<div class=\"elementor-field-type-text elementor-field-group elementor-column elementor-field-group-nome elementor-col-50 elementor-md-100 elementor-field-required\">\n\t\t\t\t\t\t\t\t\t\t\t\t<label for=\"form-field-nome\" class=\"elementor-field-label elementor-screen-only\">\n\t\t\t\t\t\t\t\tName \u00a0*\t\t\t\t\t\t\t<\/label>\n\t\t\t\t\t\t\t\t\t\t\t\t\t\t<input size=\"1\" type=\"text\" name=\"form_fields[nome]\" id=\"form-field-nome\" class=\"elementor-field elementor-size-sm  elementor-field-textual\" placeholder=\"Name \u00a0* Ihr name\" required=\"required\">\n\t\t\t\t\t\t\t\t\t\t\t<\/div>\n\t\t\t\t\t\t\t\t<div class=\"elementor-field-type-text elementor-field-group elementor-column elementor-field-group-sobrenome elementor-col-50 elementor-md-100 elementor-field-required\">\n\t\t\t\t\t\t\t\t\t\t\t\t<label for=\"form-field-sobrenome\" class=\"elementor-field-label elementor-screen-only\">\n\t\t\t\t\t\t\t\tNachname \u00a0*\t\t\t\t\t\t\t<\/label>\n\t\t\t\t\t\t\t\t\t\t\t\t\t\t<input size=\"1\" type=\"text\" name=\"form_fields[sobrenome]\" id=\"form-field-sobrenome\" class=\"elementor-field elementor-size-sm  elementor-field-textual\" placeholder=\"Nachname \u00a0* \u00a0Ihr nachname\" required=\"required\">\n\t\t\t\t\t\t\t\t\t\t\t<\/div>\n\t\t\t\t\t\t\t\t<div class=\"elementor-field-type-email elementor-field-group elementor-column elementor-field-group-email elementor-col-50 elementor-md-100 elementor-field-required\">\n\t\t\t\t\t\t\t\t\t\t\t\t<label for=\"form-field-email\" class=\"elementor-field-label elementor-screen-only\">\n\t\t\t\t\t\t\t\tEmail \u00a0*\t\t\t\t\t\t\t<\/label>\n\t\t\t\t\t\t\t\t\t\t\t\t\t\t<input size=\"1\" type=\"email\" name=\"form_fields[email]\" id=\"form-field-email\" class=\"elementor-field elementor-size-sm  elementor-field-textual\" placeholder=\"Email \u00a0* \u00a0Ihr email\" required=\"required\">\n\t\t\t\t\t\t\t\t\t\t\t<\/div>\n\t\t\t\t\t\t\t\t<div class=\"elementor-field-type-tel elementor-field-group elementor-column elementor-field-group-telefone elementor-col-50 elementor-md-100 elementor-field-required\">\n\t\t\t\t\t\t\t\t\t\t\t\t<label for=\"form-field-telefone\" class=\"elementor-field-label elementor-screen-only\">\n\t\t\t\t\t\t\t\tTelefon \u00a0*\t\t\t\t\t\t\t<\/label>\n\t\t\t\t\t\t\t\t<input size=\"1\" type=\"tel\" name=\"form_fields[telefone]\" id=\"form-field-telefone\" class=\"elementor-field elementor-size-sm  elementor-field-textual\" placeholder=\"Telefon \u00a0* \u00a0Ihr telefon\" required=\"required\" pattern=\"[0-9()#&amp;+*-=.]+\" title=\"Nur Nummern oder Telefon-Zeichen (#, -, *, etc) werden akzeptiert.\">\n\n\t\t\t\t\t\t<\/div>\n\t\t\t\t\t\t\t\t<div class=\"elementor-field-type-date elementor-field-group elementor-column elementor-field-group-data elementor-col-50 elementor-md-100 elementor-field-required\">\n\t\t\t\t\t\t\t\t\t\t\t\t<label for=\"form-field-data\" class=\"elementor-field-label elementor-screen-only\">\n\t\t\t\t\t\t\t\tDatum \u00a0*\t\t\t\t\t\t\t<\/label>\n\t\t\t\t\t\t\n\t\t<input type=\"date\" name=\"form_fields[data]\" id=\"form-field-data\" class=\"elementor-field elementor-size-sm  elementor-field-textual elementor-date-field\" placeholder=\"Datum \u00a0* \u00a0dd \/ mm \/ aaaa\" required=\"required\" pattern=\"[0-9]{4}-[0-9]{2}-[0-9]{2}\">\n\t\t\t\t\t\t<\/div>\n\t\t\t\t\t\t\t\t<div class=\"elementor-field-type-time elementor-field-group elementor-column elementor-field-group-hora elementor-col-50 elementor-md-100 elementor-field-required\">\n\t\t\t\t\t\t\t\t\t\t\t\t<label for=\"form-field-hora\" class=\"elementor-field-label elementor-screen-only\">\n\t\t\t\t\t\t\t\tStunde \u00a0*\t\t\t\t\t\t\t<\/label>\n\t\t\t\t\t\t\t\t<input type=\"time\" name=\"form_fields[hora]\" id=\"form-field-hora\" class=\"elementor-field elementor-size-sm  elementor-field-textual elementor-time-field\" placeholder=\"Stunde \u00a0* \u00a0hh : mm\" required=\"required\">\n\t\t\t\t\t\t<\/div>\n\t\t\t\t\t\t\t\t<div class=\"elementor-field-type-text elementor-field-group elementor-column elementor-field-group-npessoas elementor-col-50 elementor-md-100\">\n\t\t\t\t\t\t\t\t\t\t\t\t<label for=\"form-field-npessoas\" class=\"elementor-field-label elementor-screen-only\">\n\t\t\t\t\t\t\t\tAnzahi der personen *\t\t\t\t\t\t\t<\/label>\n\t\t\t\t\t\t\t\t\t\t\t\t\t\t<input size=\"1\" type=\"text\" name=\"form_fields[npessoas]\" id=\"form-field-npessoas\" class=\"elementor-field elementor-size-sm  elementor-field-textual\" placeholder=\"Anzahi der personen *\">\n\t\t\t\t\t\t\t\t\t\t\t<\/div>\n\t\t\t\t\t\t\t\t<div class=\"elementor-field-type-select elementor-field-group elementor-column elementor-field-group-field_28d8488 elementor-col-50 elementor-md-100 elementor-field-required\">\n\t\t\t\t\t\t\t\t\t\t\t\t<label for=\"form-field-field_28d8488\" class=\"elementor-field-label elementor-screen-only\">\n\t\t\t\t\t\t\t\tTyp der Veranstaltung ausw\u00e4hlen *\t\t\t\t\t\t\t<\/label>\n\t\t\t\t\t\t\t\t<div class=\"elementor-field elementor-select-wrapper remove-before \">\n\t\t\t<div class=\"select-caret-down-wrapper\">\n\t\t\t\t<i aria-hidden=\"true\" class=\"eicon-caret-down\"><\/i>\t\t\t<\/div>\n\t\t\t<select name=\"form_fields[field_28d8488]\" id=\"form-field-field_28d8488\" class=\"elementor-field-textual elementor-size-sm\" required=\"required\">\n\t\t\t\t\t\t\t\t\t<option value=\"Typ der Veranstaltung ausw\u00e4hlen\">Typ der Veranstaltung ausw\u00e4hlen<\/option>\n\t\t\t\t\t\t\t\t\t<option value=\"Tagungsr\u00e4ume\">Tagungsr\u00e4ume<\/option>\n\t\t\t\t\t\t\t\t\t<option value=\"Firmenbankette\">Firmenbankette<\/option>\n\t\t\t\t\t\t\t<\/select>\n\t\t<\/div>\n\t\t\t\t\t\t<\/div>\n\t\t\t\t\t\t\t\t<div class=\"elementor-field-type-textarea elementor-field-group elementor-column elementor-field-group-mensagem elementor-col-100 elementor-md-100\">\n\t\t\t\t\t\t\t\t\t\t\t\t<label for=\"form-field-mensagem\" class=\"elementor-field-label elementor-screen-only\">\n\t\t\t\t\t\t\t\tNachricht\t\t\t\t\t\t\t<\/label>\n\t\t\t\t\t\t<textarea class=\"elementor-field-textual elementor-field  elementor-size-sm\" name=\"form_fields[mensagem]\" id=\"form-field-mensagem\" rows=\"4\" placeholder=\"Nachricht * Ihr nachricht\"><\/textarea>\t\t\t\t<\/div>\n\t\t\t\t\t\t\t\t<div class=\"elementor-field-type-acceptance elementor-field-group elementor-column elementor-field-group-aceito elementor-col-100 elementor-md-100\">\n\t\t\t\t\t\t\t<div class=\"elementor-field-subgroup\">\n\t\t\t<span class=\"elementor-field-option\">\n\t\t\t\t<input type=\"checkbox\" name=\"form_fields[aceito]\" id=\"form-field-aceito\" class=\"elementor-field elementor-size-sm  elementor-acceptance-field\">\n\t\t\t\t<label for=\"form-field-aceito\"> Ich akzeptiere die Erhebung meiner Daten und bin mir dessen bewusst <a href=\"\/politica-de-privacidade\/\" target=\"_blank\">Datenschutzrichtlinie <\/a><\/label>\t\t\t<\/span>\n\t\t<\/div>\n\t\t\t\t\t\t<\/div>\n\t\t\t\t\t\t\t\t<div class=\"elementor-field-type-recaptcha_v3 elementor-field-group elementor-column elementor-field-group-field_0080aac elementor-col-100 recaptcha_v3-bottomright\">\n\t\t\t\t\t<div class=\"elementor-field\" id=\"form-field-field_0080aac\"><div class=\"elementor-g-recaptcha\" data-sitekey=\"6Lf1Wa0UAAAAACdxgKGx67QMOKKsP917ZCBJnR9S\" data-type=\"v3\" data-action=\"Form\" data-badge=\"bottomright\" data-size=\"invisible\"><\/div><\/div>\t\t\t\t<\/div>\n\t\t\t\t\t\t\t\t<div class=\"elementor-field-group elementor-column elementor-field-type-submit elementor-col-100 e-form__buttons\">\n\t\t\t\t\t<button class=\"elementor-button elementor-size-sm\" type=\"submit\">\n\t\t\t\t\t\t<span class=\"elementor-button-content-wrapper\">\n\t\t\t\t\t\t\t\t\t\t\t\t\t\t\t\t\t\t\t\t\t\t<span class=\"elementor-button-text\">SENDEN<\/span>\n\t\t\t\t\t\t\t\t\t\t\t\t\t<\/span>\n\t\t\t\t\t<\/button>\n\t\t\t\t<\/div>\n\t\t\t<\/div>\n\t\t<\/form>\n\t\t\t\t\t\t<\/div>\n\t\t\t\t<\/div>\n\t\t\t\t<\/div>\n\t\t\t\t<\/div>\n\t\t\t\t<\/div>\n\t\t\t\t\t\t<\/div>\n\t\t\t\t<\/div>\n\t\t\t\t<\/div>\n\t\t\t\t<\/div>\n\t\t\t\t<\/div>\n\t\t","protected":false},"excerpt":{"rendered":"<p>Gesch\u00e4ftliche Veranstaltungen Das TRYP Porto Expo befindet sich nur wenige Meter von der internationalen Messe Exponor &#8211; Porto entfernt und in unmittelbarer N\u00e4he des internationalen Flughafens, des Strandes Matosinhos, des NorteShopping und des Stadtzentrums von Porto, das Sie in den kurzen Pausen zwischen den Veranstaltungen besuchen k\u00f6nnen. Sie k\u00f6nnen sich auf ein spezialisiertes Team von [&hellip;]<\/p>\n","protected":false},"author":1,"featured_media":0,"parent":0,"menu_order":0,"comment_status":"closed","ping_status":"closed","template":"","meta":{"_acf_changed":false,"footnotes":""},"class_list":["post-8303","page","type-page","status-publish","hentry"],"acf":[],"yoast_head":"<!-- This site is optimized with the Yoast SEO plugin v24.5 - https:\/\/yoast.com\/wordpress\/plugins\/seo\/ -->\n<title>Gesch\u00e4ftliche Veranstaltungen - Tryp Porto Expo<\/title>\n<meta name=\"description\" content=\"O TRYP Porto Expo Hotel \u00e9 uma moderna unidade de 4 estrelas, situado junto \u00e0 Exponor, a 1,5km da praia, 5 km do Aeroporto e a poucos minutos do centro.\" \/>\n<meta name=\"robots\" content=\"index, follow, max-snippet:-1, max-image-preview:large, max-video-preview:-1\" \/>\n<link rel=\"canonical\" href=\"https:\/\/www.trypportoexpo.com\/de\/geschaeftliche-veranstaltungen\/\" \/>\n<meta property=\"og:locale\" content=\"de_DE\" \/>\n<meta property=\"og:type\" content=\"article\" \/>\n<meta property=\"og:title\" content=\"Gesch\u00e4ftliche Veranstaltungen - Tryp Porto Expo\" \/>\n<meta property=\"og:description\" content=\"O TRYP Porto Expo Hotel \u00e9 uma moderna unidade de 4 estrelas, situado junto \u00e0 Exponor, a 1,5km da praia, 5 km do Aeroporto e a poucos minutos do centro.\" \/>\n<meta property=\"og:url\" content=\"https:\/\/www.trypportoexpo.com\/de\/geschaeftliche-veranstaltungen\/\" \/>\n<meta property=\"og:site_name\" content=\"Tryp Porto Expo\" \/>\n<meta property=\"article:publisher\" content=\"https:\/\/www.facebook.com\/TRYPPortoExpo\/\" \/>\n<meta property=\"article:modified_time\" content=\"2025-01-14T17:51:34+00:00\" \/>\n<meta property=\"og:image\" content=\"https:\/\/www.trypportoexpo.com\/wp-content\/uploads\/sites\/12\/2024\/04\/TRYP_Porto_Expo_Open-Graph.jpg\" \/>\n\t<meta property=\"og:image:width\" content=\"1200\" \/>\n\t<meta property=\"og:image:height\" content=\"630\" \/>\n\t<meta property=\"og:image:type\" content=\"image\/jpeg\" \/>\n<meta name=\"twitter:card\" content=\"summary_large_image\" \/>\n<meta name=\"twitter:label1\" content=\"Gesch\u00e4tzte Lesezeit\" \/>\n\t<meta name=\"twitter:data1\" content=\"2\u00a0Minuten\" \/>\n<script type=\"application\/ld+json\" class=\"yoast-schema-graph\">{\"@context\":\"https:\/\/schema.org\",\"@graph\":[{\"@type\":\"WebPage\",\"@id\":\"https:\/\/www.trypportoexpo.com\/de\/geschaeftliche-veranstaltungen\/\",\"url\":\"https:\/\/www.trypportoexpo.com\/de\/geschaeftliche-veranstaltungen\/\",\"name\":\"Gesch\u00e4ftliche Veranstaltungen - Tryp Porto Expo\",\"isPartOf\":{\"@id\":\"https:\/\/www.trypportoexpo.com\/de\/#website\"},\"datePublished\":\"2024-01-24T09:37:42+00:00\",\"dateModified\":\"2025-01-14T17:51:34+00:00\",\"description\":\"O TRYP Porto Expo Hotel \u00e9 uma moderna unidade de 4 estrelas, situado junto \u00e0 Exponor, a 1,5km da praia, 5 km do Aeroporto e a poucos minutos do centro.\",\"breadcrumb\":{\"@id\":\"https:\/\/www.trypportoexpo.com\/de\/geschaeftliche-veranstaltungen\/#breadcrumb\"},\"inLanguage\":\"de\",\"potentialAction\":[{\"@type\":\"ReadAction\",\"target\":[\"https:\/\/www.trypportoexpo.com\/de\/geschaeftliche-veranstaltungen\/\"]}]},{\"@type\":\"BreadcrumbList\",\"@id\":\"https:\/\/www.trypportoexpo.com\/de\/geschaeftliche-veranstaltungen\/#breadcrumb\",\"itemListElement\":[{\"@type\":\"ListItem\",\"position\":1,\"name\":\"In\u00edcio\",\"item\":\"https:\/\/www.trypportoexpo.com\/de\/\"},{\"@type\":\"ListItem\",\"position\":2,\"name\":\"Gesch\u00e4ftliche Veranstaltungen\"}]},{\"@type\":\"WebSite\",\"@id\":\"https:\/\/www.trypportoexpo.com\/de\/#website\",\"url\":\"https:\/\/www.trypportoexpo.com\/de\/\",\"name\":\"TRYP Porto Expo\",\"description\":\"4-Sterne-Hotel in Le\u00e7a da Palmeira \u2013 Porto\",\"publisher\":{\"@id\":\"https:\/\/www.trypportoexpo.com\/de\/#organization\"},\"alternateName\":\"TRYP Porto Expo\",\"potentialAction\":[{\"@type\":\"SearchAction\",\"target\":{\"@type\":\"EntryPoint\",\"urlTemplate\":\"https:\/\/www.trypportoexpo.com\/de\/?s={search_term_string}\"},\"query-input\":{\"@type\":\"PropertyValueSpecification\",\"valueRequired\":true,\"valueName\":\"search_term_string\"}}],\"inLanguage\":\"de\"},{\"@type\":\"Organization\",\"@id\":\"https:\/\/www.trypportoexpo.com\/de\/#organization\",\"name\":\"Tryp Porto Expo\",\"alternateName\":\"Tryp Porto Expo\",\"url\":\"https:\/\/www.trypportoexpo.com\/de\/\",\"logo\":{\"@type\":\"ImageObject\",\"inLanguage\":\"de\",\"@id\":\"https:\/\/www.trypportoexpo.com\/de\/#\/schema\/logo\/image\/\",\"url\":\"https:\/\/www.trypportoexpo.com\/wp-content\/uploads\/sites\/12\/2024\/04\/TrypPortoExpo_Logo.svg\",\"contentUrl\":\"https:\/\/www.trypportoexpo.com\/wp-content\/uploads\/sites\/12\/2024\/04\/TrypPortoExpo_Logo.svg\",\"width\":166,\"height\":90,\"caption\":\"Tryp Porto Expo\"},\"image\":{\"@id\":\"https:\/\/www.trypportoexpo.com\/de\/#\/schema\/logo\/image\/\"},\"sameAs\":[\"https:\/\/www.facebook.com\/TRYPPortoExpo\/\",\"https:\/\/www.linkedin.com\/company\/hoti-hoteis\/\",\"https:\/\/www.tripadvisor.pt\/UserReviewEdit-g1066094-d286807-TRYP_by_Wyndham_Porto_Expo_Hotel-Leca_da_Palmeira_Porto_District_Northern_Portugal.html\"]}]}<\/script>\n<!-- \/ Yoast SEO plugin. -->","yoast_head_json":{"title":"Gesch\u00e4ftliche Veranstaltungen - Tryp Porto Expo","description":"O TRYP Porto Expo Hotel \u00e9 uma moderna unidade de 4 estrelas, situado junto \u00e0 Exponor, a 1,5km da praia, 5 km do Aeroporto e a poucos minutos do centro.","robots":{"index":"index","follow":"follow","max-snippet":"max-snippet:-1","max-image-preview":"max-image-preview:large","max-video-preview":"max-video-preview:-1"},"canonical":"https:\/\/www.trypportoexpo.com\/de\/geschaeftliche-veranstaltungen\/","og_locale":"de_DE","og_type":"article","og_title":"Gesch\u00e4ftliche Veranstaltungen - Tryp Porto Expo","og_description":"O TRYP Porto Expo Hotel \u00e9 uma moderna unidade de 4 estrelas, situado junto \u00e0 Exponor, a 1,5km da praia, 5 km do Aeroporto e a poucos minutos do centro.","og_url":"https:\/\/www.trypportoexpo.com\/de\/geschaeftliche-veranstaltungen\/","og_site_name":"Tryp Porto Expo","article_publisher":"https:\/\/www.facebook.com\/TRYPPortoExpo\/","article_modified_time":"2025-01-14T17:51:34+00:00","og_image":[{"width":1200,"height":630,"url":"https:\/\/www.trypportoexpo.com\/wp-content\/uploads\/sites\/12\/2024\/04\/TRYP_Porto_Expo_Open-Graph.jpg","type":"image\/jpeg"}],"twitter_card":"summary_large_image","twitter_misc":{"Gesch\u00e4tzte Lesezeit":"2\u00a0Minuten"},"schema":{"@context":"https:\/\/schema.org","@graph":[{"@type":"WebPage","@id":"https:\/\/www.trypportoexpo.com\/de\/geschaeftliche-veranstaltungen\/","url":"https:\/\/www.trypportoexpo.com\/de\/geschaeftliche-veranstaltungen\/","name":"Gesch\u00e4ftliche Veranstaltungen - Tryp Porto Expo","isPartOf":{"@id":"https:\/\/www.trypportoexpo.com\/de\/#website"},"datePublished":"2024-01-24T09:37:42+00:00","dateModified":"2025-01-14T17:51:34+00:00","description":"O TRYP Porto Expo Hotel \u00e9 uma moderna unidade de 4 estrelas, situado junto \u00e0 Exponor, a 1,5km da praia, 5 km do Aeroporto e a poucos minutos do centro.","breadcrumb":{"@id":"https:\/\/www.trypportoexpo.com\/de\/geschaeftliche-veranstaltungen\/#breadcrumb"},"inLanguage":"de","potentialAction":[{"@type":"ReadAction","target":["https:\/\/www.trypportoexpo.com\/de\/geschaeftliche-veranstaltungen\/"]}]},{"@type":"BreadcrumbList","@id":"https:\/\/www.trypportoexpo.com\/de\/geschaeftliche-veranstaltungen\/#breadcrumb","itemListElement":[{"@type":"ListItem","position":1,"name":"In\u00edcio","item":"https:\/\/www.trypportoexpo.com\/de\/"},{"@type":"ListItem","position":2,"name":"Gesch\u00e4ftliche Veranstaltungen"}]},{"@type":"WebSite","@id":"https:\/\/www.trypportoexpo.com\/de\/#website","url":"https:\/\/www.trypportoexpo.com\/de\/","name":"TRYP Porto Expo","description":"4-Sterne-Hotel in Le\u00e7a da Palmeira \u2013 Porto","publisher":{"@id":"https:\/\/www.trypportoexpo.com\/de\/#organization"},"alternateName":"TRYP Porto Expo","potentialAction":[{"@type":"SearchAction","target":{"@type":"EntryPoint","urlTemplate":"https:\/\/www.trypportoexpo.com\/de\/?s={search_term_string}"},"query-input":{"@type":"PropertyValueSpecification","valueRequired":true,"valueName":"search_term_string"}}],"inLanguage":"de"},{"@type":"Organization","@id":"https:\/\/www.trypportoexpo.com\/de\/#organization","name":"Tryp Porto Expo","alternateName":"Tryp Porto Expo","url":"https:\/\/www.trypportoexpo.com\/de\/","logo":{"@type":"ImageObject","inLanguage":"de","@id":"https:\/\/www.trypportoexpo.com\/de\/#\/schema\/logo\/image\/","url":"https:\/\/www.trypportoexpo.com\/wp-content\/uploads\/sites\/12\/2024\/04\/TrypPortoExpo_Logo.svg","contentUrl":"https:\/\/www.trypportoexpo.com\/wp-content\/uploads\/sites\/12\/2024\/04\/TrypPortoExpo_Logo.svg","width":166,"height":90,"caption":"Tryp Porto Expo"},"image":{"@id":"https:\/\/www.trypportoexpo.com\/de\/#\/schema\/logo\/image\/"},"sameAs":["https:\/\/www.facebook.com\/TRYPPortoExpo\/","https:\/\/www.linkedin.com\/company\/hoti-hoteis\/","https:\/\/www.tripadvisor.pt\/UserReviewEdit-g1066094-d286807-TRYP_by_Wyndham_Porto_Expo_Hotel-Leca_da_Palmeira_Porto_District_Northern_Portugal.html"]}]}},"_links":{"self":[{"href":"https:\/\/www.trypportoexpo.com\/de\/wp-json\/wp\/v2\/pages\/8303","targetHints":{"allow":["GET"]}}],"collection":[{"href":"https:\/\/www.trypportoexpo.com\/de\/wp-json\/wp\/v2\/pages"}],"about":[{"href":"https:\/\/www.trypportoexpo.com\/de\/wp-json\/wp\/v2\/types\/page"}],"author":[{"embeddable":true,"href":"https:\/\/www.trypportoexpo.com\/de\/wp-json\/wp\/v2\/users\/1"}],"replies":[{"embeddable":true,"href":"https:\/\/www.trypportoexpo.com\/de\/wp-json\/wp\/v2\/comments?post=8303"}],"version-history":[{"count":10,"href":"https:\/\/www.trypportoexpo.com\/de\/wp-json\/wp\/v2\/pages\/8303\/revisions"}],"predecessor-version":[{"id":18630,"href":"https:\/\/www.trypportoexpo.com\/de\/wp-json\/wp\/v2\/pages\/8303\/revisions\/18630"}],"wp:attachment":[{"href":"https:\/\/www.trypportoexpo.com\/de\/wp-json\/wp\/v2\/media?parent=8303"}],"curies":[{"name":"wp","href":"https:\/\/api.w.org\/{rel}","templated":true}]}}