{"id":6193,"date":"2023-12-19T12:17:38","date_gmt":"2023-12-19T12:17:38","guid":{"rendered":"https:\/\/basetryp.tryplisboacaparica.com\/lisboa-caparica\/"},"modified":"2025-01-14T18:25:18","modified_gmt":"2025-01-14T18:25:18","slug":"porto","status":"publish","type":"page","link":"https:\/\/www.trypportoexpo.com\/en\/porto\/","title":{"rendered":"Porto"},"content":{"rendered":"\t\t<div data-elementor-type=\"wp-page\" data-elementor-id=\"6193\" class=\"elementor elementor-6193 elementor-1997\" data-elementor-post-type=\"page\">\n\t\t\t\t<section class=\"elementor-element elementor-element-23aaa33 e-con-full e-flex e-con e-parent\" data-id=\"23aaa33\" data-element_type=\"container\" data-settings=\"{&quot;background_background&quot;:&quot;classic&quot;}\">\n\t\t<div class=\"elementor-element elementor-element-012677c e-con-full e-flex e-con e-child\" data-id=\"012677c\" data-element_type=\"container\">\n\t\t\t\t<div class=\"elementor-element elementor-element-2378557 elementor-widget elementor-widget-heading\" data-id=\"2378557\" data-element_type=\"widget\" data-widget_type=\"heading.default\">\n\t\t\t\t<div class=\"elementor-widget-container\">\n\t\t\t\t\t<h1 class=\"elementor-heading-title elementor-size-default\">Porto<\/h1>\t\t\t\t<\/div>\n\t\t\t\t<\/div>\n\t\t\t\t<\/div>\n\t\t\t\t<\/section>\n\t\t<section class=\"elementor-element elementor-element-10c468a e-con-full e-flex e-con e-parent\" data-id=\"10c468a\" data-element_type=\"container\">\n\t\t\t\t<div class=\"elementor-element elementor-element-e7d7764 elementor-widget elementor-widget-text-editor\" data-id=\"e7d7764\" data-element_type=\"widget\" data-widget_type=\"text-editor.default\">\n\t\t\t\t<div class=\"elementor-widget-container\">\n\t\t\t\t\t\t\t\t\t<div class=\"ewa-rteLine\"><div class=\"ewa-rteLine\">We offer you the magic of the city of Porto with its bridges and its cultural dynamics, its speed in business, its unique architecture, its mythical gastronomy, its wines of excellence and its lively nightlife.<\/div><div class=\"ewa-rteLine\">Visit Porto and feel yourself growing inside. Savour the ancient and the modern accompanied by a glass of one of the world&#8217;s most respected wines. The truth is that this ancient city gave its name to Port wine and gave its name to Portugal.<\/div><div class=\"ewa-rteLine\">Much of its heritage has been made up of trade and its bourgeois and passionate hustle and bustle, which gives everything a feeling. Also a world heritage site, the city nestles in the river, which embraces it in love&#8230;<\/div><div class=\"ewa-rteLine\">\u00a0<\/div><div class=\"ewa-rteLine\">Perhaps that&#8217;s why it wins over those who discover it at every turn. The city of Porto is one of Europe&#8217;s oldest tourist destinations.<\/div><div class=\"ewa-rteLine\">Porto mixes the charm of the past (a clich\u00e9, but very true) with the freshness of the present. From the contemporary Casa da M\u00fasica to the 12th century S\u00e9 Cathedral, the eras merge harmoniously in the streets of Porto.<\/div><div class=\"ewa-rteLine\">The city is full of colourful streets and historic sites. There&#8217;s something to see around every corner. Porto is increasingly becoming a favoured place for shopping, contrasted with the historical beauty scattered throughout the city and the famous, century-old, mythical Port wine cellars just across the river.<\/div><div class=\"ewa-rteLine\">Whenever we plan to visit a city, we try to find information about what the locals do, because it&#8217;s difficult to extract everything a city has to offer if we don&#8217;t have a friend to show us the best places, to share its secrets with us, to immerse us in the real urban environment, to allow us to appreciate the sounds and smells, all from the perspective of those who live there.<\/div><\/div>\t\t\t\t\t\t\t\t<\/div>\n\t\t\t\t<\/div>\n\t\t\t\t<\/section>\n\t\t<div class=\"elementor-element elementor-element-cb6086a e-con-full e-flex e-con e-parent\" data-id=\"cb6086a\" data-element_type=\"container\">\n\t\t\t\t<div class=\"elementor-element elementor-element-71ef478 elementor-widget elementor-widget-heading\" data-id=\"71ef478\" data-element_type=\"widget\" data-widget_type=\"heading.default\">\n\t\t\t\t<div class=\"elementor-widget-container\">\n\t\t\t\t\t<h5 class=\"elementor-heading-title elementor-size-default\">Gallery<\/h5>\t\t\t\t<\/div>\n\t\t\t\t<\/div>\n\t\t\t\t<div class=\"elementor-element elementor-element-daf84ec elementor-skin-carousel elementor-arrows-yes elementor-pagination-type-bullets elementor-pagination-position-outside elementor-widget elementor-widget-hoti-gallery-slider\" data-id=\"daf84ec\" data-element_type=\"widget\" data-settings=\"{&quot;slides_per_view&quot;:&quot;3&quot;,&quot;skin&quot;:&quot;carousel&quot;,&quot;effect&quot;:&quot;slide&quot;,&quot;show_arrows&quot;:&quot;yes&quot;,&quot;pagination&quot;:&quot;bullets&quot;,&quot;speed&quot;:500,&quot;autoplay&quot;:&quot;yes&quot;,&quot;autoplay_speed&quot;:5000,&quot;pause_on_hover&quot;:&quot;yes&quot;,&quot;pause_on_interaction&quot;:&quot;yes&quot;,&quot;space_between&quot;:{&quot;unit&quot;:&quot;px&quot;,&quot;size&quot;:10,&quot;sizes&quot;:[]},&quot;space_between_tablet_extra&quot;:{&quot;unit&quot;:&quot;px&quot;,&quot;size&quot;:10,&quot;sizes&quot;:[]},&quot;space_between_tablet&quot;:{&quot;unit&quot;:&quot;px&quot;,&quot;size&quot;:10,&quot;sizes&quot;:[]},&quot;space_between_mobile_extra&quot;:{&quot;unit&quot;:&quot;px&quot;,&quot;size&quot;:10,&quot;sizes&quot;:[]},&quot;space_between_mobile&quot;:{&quot;unit&quot;:&quot;px&quot;,&quot;size&quot;:10,&quot;sizes&quot;:[]}}\" data-widget_type=\"hoti-gallery-slider.default\">\n\t\t\t\t<div class=\"elementor-widget-container\">\n\t\t\t\t\t\t\t\t\t<div class=\"elementor-swiper\">\n\t\t\t\t\t<div class=\"elementor-main-swiper swiper\" role=\"region\" aria-roledescription=\"carousel\" aria-label=\"Slides\">\n\t\t\t\t<div class=\"swiper-wrapper\">\n\t\t\t\t\t\t\t\t\t\t\t<div class=\"swiper-slide\" role=\"group\" aria-roledescription=\"slide\">\n\t\t\t\t\t\t\t\t\t<div class=\"elementor-carousel-image landscape\" role=\"img\" aria-label=\"Tryp_Porto_Centro_Oporto_1.jpg\" style=\"background-image: url(&#039;https:\/\/www.trypportoexpo.com\/wp-content\/uploads\/sites\/12\/2024\/04\/Tryp_Porto_Centro_Oporto_1.jpg&#039;)\">\r\n\r\n\t\t\t\r\n\t\t\t\t\t<\/div>\r\n\t\t\t\t\t\t\t\t<\/div>\n\t\t\t\t\t\t\t\t\t\t\t<div class=\"swiper-slide\" role=\"group\" aria-roledescription=\"slide\">\n\t\t\t\t\t\t\t\t\t<div class=\"elementor-carousel-image portrait\" role=\"img\" aria-label=\"Tryp_Porto_Centro_Oporto_2.jpg\" style=\"background-image: url(&#039;https:\/\/www.trypportoexpo.com\/wp-content\/uploads\/sites\/12\/2024\/04\/Tryp_Porto_Centro_Oporto_2.jpg&#039;)\">\r\n\r\n\t\t\t\r\n\t\t\t\t\t<\/div>\r\n\t\t\t\t\t\t\t\t<\/div>\n\t\t\t\t\t\t\t\t\t\t\t<div class=\"swiper-slide\" role=\"group\" aria-roledescription=\"slide\">\n\t\t\t\t\t\t\t\t\t<div class=\"elementor-carousel-image landscape\" role=\"img\" aria-label=\"Tryp_Porto_Centro_Cidade_Antiga.jpg\" style=\"background-image: url(&#039;https:\/\/www.trypportoexpo.com\/wp-content\/uploads\/sites\/12\/2024\/04\/Tryp_Porto_Centro_Cidade_Antiga-1.jpg&#039;)\">\r\n\r\n\t\t\t\r\n\t\t\t\t\t<\/div>\r\n\t\t\t\t\t\t\t\t<\/div>\n\t\t\t\t\t\t\t\t\t\t\t<div class=\"swiper-slide\" role=\"group\" aria-roledescription=\"slide\">\n\t\t\t\t\t\t\t\t\t<div class=\"elementor-carousel-image portrait\" role=\"img\" aria-label=\"Tryp_Porto_Centro_Oporto_4.jpg\" style=\"background-image: url(&#039;https:\/\/www.trypportoexpo.com\/wp-content\/uploads\/sites\/12\/2024\/04\/Tryp_Porto_Centro_Oporto_4.jpg&#039;)\">\r\n\r\n\t\t\t\r\n\t\t\t\t\t<\/div>\r\n\t\t\t\t\t\t\t\t<\/div>\n\t\t\t\t\t\t\t\t\t\t\t<div class=\"swiper-slide\" role=\"group\" aria-roledescription=\"slide\">\n\t\t\t\t\t\t\t\t\t<div class=\"elementor-carousel-image landscape\" role=\"img\" aria-label=\"Tryp_Porto_Centro_Oporto_5.jpg\" style=\"background-image: url(&#039;https:\/\/www.trypportoexpo.com\/wp-content\/uploads\/sites\/12\/2024\/04\/Tryp_Porto_Centro_Oporto_5.jpg&#039;)\">\r\n\r\n\t\t\t\r\n\t\t\t\t\t<\/div>\r\n\t\t\t\t\t\t\t\t<\/div>\n\t\t\t\t\t\t\t\t\t\t\t<div class=\"swiper-slide\" role=\"group\" aria-roledescription=\"slide\">\n\t\t\t\t\t\t\t\t\t<div class=\"elementor-carousel-image landscape\" role=\"img\" aria-label=\"Tryp_Porto_Centro_Oporto_6.jpg\" style=\"background-image: url(&#039;https:\/\/www.trypportoexpo.com\/wp-content\/uploads\/sites\/12\/2024\/04\/Tryp_Porto_Centro_Oporto_6.jpg&#039;)\">\r\n\r\n\t\t\t\r\n\t\t\t\t\t<\/div>\r\n\t\t\t\t\t\t\t\t<\/div>\n\t\t\t\t\t\t\t\t\t\t\t<div class=\"swiper-slide\" role=\"group\" aria-roledescription=\"slide\">\n\t\t\t\t\t\t\t\t\t<div class=\"elementor-carousel-image portrait\" role=\"img\" aria-label=\"Tryp_Porto_Centro_Entertenimento.jpg\" style=\"background-image: url(&#039;https:\/\/www.trypportoexpo.com\/wp-content\/uploads\/sites\/12\/2024\/04\/Tryp_Porto_Centro_Entertenimento.jpg&#039;)\">\r\n\r\n\t\t\t\r\n\t\t\t\t\t<\/div>\r\n\t\t\t\t\t\t\t\t<\/div>\n\t\t\t\t\t\t\t\t\t\t\t<div class=\"swiper-slide\" role=\"group\" aria-roledescription=\"slide\">\n\t\t\t\t\t\t\t\t\t<div class=\"elementor-carousel-image landscape\" role=\"img\" aria-label=\"Tryp_Porto_Centro_Oporto_8.jpg\" style=\"background-image: url(&#039;https:\/\/www.trypportoexpo.com\/wp-content\/uploads\/sites\/12\/2024\/04\/Tryp_Porto_Centro_Oporto_8.jpg&#039;)\">\r\n\r\n\t\t\t\r\n\t\t\t\t\t<\/div>\r\n\t\t\t\t\t\t\t\t<\/div>\n\t\t\t\t\t\t\t\t\t\t\t<div class=\"swiper-slide\" role=\"group\" aria-roledescription=\"slide\">\n\t\t\t\t\t\t\t\t\t<div class=\"elementor-carousel-image portrait\" role=\"img\" aria-label=\"Tryp_Porto_Centro_Oporto_9.jpg\" style=\"background-image: url(&#039;https:\/\/www.trypportoexpo.com\/wp-content\/uploads\/sites\/12\/2024\/04\/Tryp_Porto_Centro_Oporto_9.jpg&#039;)\">\r\n\r\n\t\t\t\r\n\t\t\t\t\t<\/div>\r\n\t\t\t\t\t\t\t\t<\/div>\n\t\t\t\t\t\t\t\t\t\t\t<div class=\"swiper-slide\" role=\"group\" aria-roledescription=\"slide\">\n\t\t\t\t\t\t\t\t\t<div class=\"elementor-carousel-image landscape\" role=\"img\" aria-label=\"Tryp_Porto_Centro_Oporto_11.jpg\" style=\"background-image: url(&#039;https:\/\/www.trypportoexpo.com\/wp-content\/uploads\/sites\/12\/2024\/04\/Tryp_Porto_Centro_Oporto_11.jpg&#039;)\">\r\n\r\n\t\t\t\r\n\t\t\t\t\t<\/div>\r\n\t\t\t\t\t\t\t\t<\/div>\n\t\t\t\t\t\t\t\t\t\t\t<div class=\"swiper-slide\" role=\"group\" aria-roledescription=\"slide\">\n\t\t\t\t\t\t\t\t\t<div class=\"elementor-carousel-image landscape\" role=\"img\" aria-label=\"Tryp_Porto_Centro_Oporto_12.jpg\" style=\"background-image: url(&#039;https:\/\/www.trypportoexpo.com\/wp-content\/uploads\/sites\/12\/2024\/04\/Tryp_Porto_Centro_Oporto_12.jpg&#039;)\">\r\n\r\n\t\t\t\r\n\t\t\t\t\t<\/div>\r\n\t\t\t\t\t\t\t\t<\/div>\n\t\t\t\t\t\t\t\t\t<\/div>\n\t\t\t\t\t\t\t\t\t\t\t\t\t\t\t<div class=\"elementor-swiper-button elementor-swiper-button-prev\" role=\"button\" tabindex=\"0\" aria-label=\"Previous\">\n\t\t\t\t\t\t\t<i aria-hidden=\"true\" class=\"eicon-chevron-left\"><\/i>\t\t\t\t\t\t<\/div>\n\t\t\t\t\t\t<div class=\"elementor-swiper-button elementor-swiper-button-next\" role=\"button\" tabindex=\"0\" aria-label=\"Next\">\n\t\t\t\t\t\t\t<i aria-hidden=\"true\" class=\"eicon-chevron-right\"><\/i>\t\t\t\t\t\t<\/div>\n\t\t\t\t\t\t\t\t\t\t\t\t\t\t\t\t<div class=\"swiper-pagination\"><\/div>\n\t\t\t\t\t\t\t\t\t\t\t\t<\/div>\n\t\t\t\t<\/div>\n\t\t\t\t\t\t\t\t<\/div>\n\t\t\t\t<\/div>\n\t\t\t\t<\/div>\n\t\t<section class=\"elementor-element elementor-element-58122e4 e-con-full e-flex e-con e-parent\" data-id=\"58122e4\" data-element_type=\"container\">\n\t\t<div class=\"elementor-element elementor-element-05369ff e-con-full e-flex e-con e-child\" data-id=\"05369ff\" data-element_type=\"container\">\n\t\t<div class=\"elementor-element elementor-element-9b67978 e-flex e-con-boxed e-con e-child\" data-id=\"9b67978\" data-element_type=\"container\">\n\t\t\t\t\t<div class=\"e-con-inner\">\n\t\t\t\t<div class=\"elementor-element elementor-element-c73aa6b elementor-widget elementor-widget-heading\" data-id=\"c73aa6b\" data-element_type=\"widget\" data-widget_type=\"heading.default\">\n\t\t\t\t<div class=\"elementor-widget-container\">\n\t\t\t\t\t<h2 class=\"elementor-heading-title elementor-size-default\">PORTO, <\/h2>\t\t\t\t<\/div>\n\t\t\t\t<\/div>\n\t\t\t\t<div class=\"elementor-element elementor-element-f72e806 elementor-widget elementor-widget-heading\" data-id=\"f72e806\" data-element_type=\"widget\" data-widget_type=\"heading.default\">\n\t\t\t\t<div class=\"elementor-widget-container\">\n\t\t\t\t\t<h2 class=\"elementor-heading-title elementor-size-default\">OLD TOWN<\/h2>\t\t\t\t<\/div>\n\t\t\t\t<\/div>\n\t\t\t\t<div class=\"elementor-element elementor-element-42b1696 elementor-widget__width-initial elementor-widget elementor-widget-text-editor\" data-id=\"42b1696\" data-element_type=\"widget\" data-widget_type=\"text-editor.default\">\n\t\t\t\t<div class=\"elementor-widget-container\">\n\t\t\t\t\t\t\t\t\t<p>Porto is an ancient city with deep roots that go back centuries. The narrow, winding streets tell stories of times gone by, reflected in historic buildings, centuries-old churches and picturesque squares. The city exudes an aura of antiquity and authenticity, where every corner reveals traces of the glorious past that has shaped its identity. From the medieval alleys of the Ribeira to the imposing walls of the Castelo do Queijo, the city is a treasure trove of historical heritage that enchants and inspires those who visit. Walking through the centuries-old streets, contemplating the ancient monuments, it is impossible not to feel the reverence for the past that still echoes in Porto&#8217;s walls and sidewalks.<\/p>\t\t\t\t\t\t\t\t<\/div>\n\t\t\t\t<\/div>\n\t\t\t\t\t<\/div>\n\t\t\t\t<\/div>\n\t\t\t\t<\/div>\n\t\t<div class=\"elementor-element elementor-element-e6a70b2 e-con-full e-flex e-con e-child\" data-id=\"e6a70b2\" data-element_type=\"container\" data-settings=\"{&quot;background_background&quot;:&quot;classic&quot;}\">\n\t\t\t\t<div class=\"elementor-element elementor-element-ba96623 elementor-widget elementor-widget-spacer\" data-id=\"ba96623\" data-element_type=\"widget\" data-widget_type=\"spacer.default\">\n\t\t\t\t<div class=\"elementor-widget-container\">\n\t\t\t\t\t\t\t<div class=\"elementor-spacer\">\n\t\t\t<div class=\"elementor-spacer-inner\"><\/div>\n\t\t<\/div>\n\t\t\t\t\t\t<\/div>\n\t\t\t\t<\/div>\n\t\t\t\t<\/div>\n\t\t\t\t<\/section>\n\t\t<section class=\"elementor-element elementor-element-17280fd e-con-full e-flex e-con e-parent\" data-id=\"17280fd\" data-element_type=\"container\">\n\t\t<div class=\"elementor-element elementor-element-026c58a e-con-full e-flex e-con e-child\" data-id=\"026c58a\" data-element_type=\"container\" data-settings=\"{&quot;background_background&quot;:&quot;classic&quot;}\">\n\t\t\t\t<div class=\"elementor-element elementor-element-34774e4 elementor-widget elementor-widget-spacer\" data-id=\"34774e4\" data-element_type=\"widget\" data-widget_type=\"spacer.default\">\n\t\t\t\t<div class=\"elementor-widget-container\">\n\t\t\t\t\t\t\t<div class=\"elementor-spacer\">\n\t\t\t<div class=\"elementor-spacer-inner\"><\/div>\n\t\t<\/div>\n\t\t\t\t\t\t<\/div>\n\t\t\t\t<\/div>\n\t\t\t\t<\/div>\n\t\t<div class=\"elementor-element elementor-element-8c0c917 e-con-full e-flex e-con e-child\" data-id=\"8c0c917\" data-element_type=\"container\">\n\t\t<div class=\"elementor-element elementor-element-a807942 e-con-full e-flex e-con e-child\" data-id=\"a807942\" data-element_type=\"container\">\n\t\t\t\t<div class=\"elementor-element elementor-element-7ea770b elementor-widget elementor-widget-heading\" data-id=\"7ea770b\" data-element_type=\"widget\" data-widget_type=\"heading.default\">\n\t\t\t\t<div class=\"elementor-widget-container\">\n\t\t\t\t\t<h2 class=\"elementor-heading-title elementor-size-default\">INSPIRING<\/h2>\t\t\t\t<\/div>\n\t\t\t\t<\/div>\n\t\t\t\t<div class=\"elementor-element elementor-element-1a33679 elementor-widget elementor-widget-heading\" data-id=\"1a33679\" data-element_type=\"widget\" data-widget_type=\"heading.default\">\n\t\t\t\t<div class=\"elementor-widget-container\">\n\t\t\t\t\t<h2 class=\"elementor-heading-title elementor-size-default\">CITY<\/h2>\t\t\t\t<\/div>\n\t\t\t\t<\/div>\n\t\t\t\t<div class=\"elementor-element elementor-element-77ee5e2 elementor-widget elementor-widget-text-editor\" data-id=\"77ee5e2\" data-element_type=\"widget\" data-widget_type=\"text-editor.default\">\n\t\t\t\t<div class=\"elementor-widget-container\">\n\t\t\t\t\t\t\t\t\t<div class=\"ewa-rteLine\"><div class=\"ewa-rteLine\">One of the most significant aspects of the city of Porto and its historic center is the landscape, the result of the harmony of its lines and urban structure. The city was classified as a UNESCO Heritage Site in 1996 and voted &#8220;Best European Destination 2014&#8221; by &#8220;European Consumers Choice&#8221;.<\/div><div class=\"ewa-rteLine\">To discover Porto is to encounter many surprises. Alongside its hospitable and conservative character is a contemporary and creative city. The marks of this &#8220;knowing how to be&#8221; can be felt in the streets, the architecture, the monuments, the museums, the leisure spaces, the terraces and the shopping areas.<\/div><\/div>\t\t\t\t\t\t\t\t<\/div>\n\t\t\t\t<\/div>\n\t\t\t\t<\/div>\n\t\t\t\t<\/div>\n\t\t\t\t<\/section>\n\t\t<section class=\"elementor-element elementor-element-c6a06f1 e-con-full e-flex e-con e-parent\" data-id=\"c6a06f1\" data-element_type=\"container\">\n\t\t<div class=\"elementor-element elementor-element-278ae1b e-con-full e-flex e-con e-child\" data-id=\"278ae1b\" data-element_type=\"container\">\n\t\t<div class=\"elementor-element elementor-element-ee0f0a1 e-flex e-con-boxed e-con e-child\" data-id=\"ee0f0a1\" data-element_type=\"container\">\n\t\t\t\t\t<div class=\"e-con-inner\">\n\t\t\t\t<div class=\"elementor-element elementor-element-cde6ba0 elementor-widget elementor-widget-heading\" data-id=\"cde6ba0\" data-element_type=\"widget\" data-widget_type=\"heading.default\">\n\t\t\t\t<div class=\"elementor-widget-container\">\n\t\t\t\t\t<h2 class=\"elementor-heading-title elementor-size-default\">THE PORT <\/h2>\t\t\t\t<\/div>\n\t\t\t\t<\/div>\n\t\t\t\t<div class=\"elementor-element elementor-element-f61783a elementor-widget elementor-widget-heading\" data-id=\"f61783a\" data-element_type=\"widget\" data-widget_type=\"heading.default\">\n\t\t\t\t<div class=\"elementor-widget-container\">\n\t\t\t\t\t<h2 class=\"elementor-heading-title elementor-size-default\">CELLARS <\/h2>\t\t\t\t<\/div>\n\t\t\t\t<\/div>\n\t\t\t\t<div class=\"elementor-element elementor-element-62fc9ab elementor-widget__width-initial elementor-widget elementor-widget-text-editor\" data-id=\"62fc9ab\" data-element_type=\"widget\" data-widget_type=\"text-editor.default\">\n\t\t\t\t<div class=\"elementor-widget-container\">\n\t\t\t\t\t\t\t\t\t<div class=\"ewa-rteLine\">The city of Porto is one of the oldest tourist destinations in Europe and a favourite destination for many tourists and visitors.<\/div><div class=\"ewa-rteLine\">The richness of its monumental and artistic heritage, the Port wine cellars, the vast spaces dedicated to leisure and cultural life are just some of the reasons to visit Porto.<\/div>\t\t\t\t\t\t\t\t<\/div>\n\t\t\t\t<\/div>\n\t\t\t\t\t<\/div>\n\t\t\t\t<\/div>\n\t\t\t\t<\/div>\n\t\t<div class=\"elementor-element elementor-element-4cf181b e-con-full e-flex e-con e-child\" data-id=\"4cf181b\" data-element_type=\"container\" data-settings=\"{&quot;background_background&quot;:&quot;classic&quot;}\">\n\t\t\t\t<div class=\"elementor-element elementor-element-c42b15d elementor-widget elementor-widget-spacer\" data-id=\"c42b15d\" data-element_type=\"widget\" data-widget_type=\"spacer.default\">\n\t\t\t\t<div class=\"elementor-widget-container\">\n\t\t\t\t\t\t\t<div class=\"elementor-spacer\">\n\t\t\t<div class=\"elementor-spacer-inner\"><\/div>\n\t\t<\/div>\n\t\t\t\t\t\t<\/div>\n\t\t\t\t<\/div>\n\t\t\t\t<\/div>\n\t\t\t\t<\/section>\n\t\t<div class=\"elementor-element elementor-element-e38a66d e-con-full e-flex e-con e-parent\" data-id=\"e38a66d\" data-element_type=\"container\">\n\t\t\t\t<div class=\"elementor-element elementor-element-2f4deb0 elementor-widget elementor-widget-heading\" data-id=\"2f4deb0\" data-element_type=\"widget\" data-widget_type=\"heading.default\">\n\t\t\t\t<div class=\"elementor-widget-container\">\n\t\t\t\t\t<h5 class=\"elementor-heading-title elementor-size-default\">What to see and do<\/h5>\t\t\t\t<\/div>\n\t\t\t\t<\/div>\n\t\t<div class=\"elementor-element elementor-element-ecf9d44 e-con-full e-flex e-con e-child\" data-id=\"ecf9d44\" data-element_type=\"container\">\n\t\t\t\t<div class=\"elementor-element elementor-element-e5951e4 elementor-widget elementor-widget-n-carousel\" data-id=\"e5951e4\" data-element_type=\"widget\" data-settings=\"{&quot;carousel_items&quot;:[{&quot;slide_title&quot;:&quot;Slide #1&quot;,&quot;_id&quot;:&quot;bc1ad8d&quot;},{&quot;slide_title&quot;:&quot;Slide #2&quot;,&quot;_id&quot;:&quot;817f723&quot;},{&quot;slide_title&quot;:&quot;Slide #3&quot;,&quot;_id&quot;:&quot;f0475f9&quot;},{&quot;_id&quot;:&quot;ca82639&quot;,&quot;slide_title&quot;:&quot;Slide #4&quot;}],&quot;slides_to_show&quot;:&quot;4&quot;,&quot;image_spacing_custom&quot;:{&quot;unit&quot;:&quot;px&quot;,&quot;size&quot;:&quot;30&quot;,&quot;sizes&quot;:[]},&quot;slides_to_show_mobile_extra&quot;:&quot;1&quot;,&quot;slides_to_scroll_mobile_extra&quot;:&quot;1&quot;,&quot;slides_to_show_tablet&quot;:&quot;2&quot;,&quot;slides_to_show_mobile&quot;:&quot;1&quot;,&quot;autoplay&quot;:&quot;yes&quot;,&quot;autoplay_speed&quot;:5000,&quot;pause_on_hover&quot;:&quot;yes&quot;,&quot;pause_on_interaction&quot;:&quot;yes&quot;,&quot;speed&quot;:500,&quot;image_spacing_custom_tablet_extra&quot;:{&quot;unit&quot;:&quot;px&quot;,&quot;size&quot;:&quot;&quot;,&quot;sizes&quot;:[]},&quot;image_spacing_custom_tablet&quot;:{&quot;unit&quot;:&quot;px&quot;,&quot;size&quot;:&quot;&quot;,&quot;sizes&quot;:[]},&quot;image_spacing_custom_mobile_extra&quot;:{&quot;unit&quot;:&quot;px&quot;,&quot;size&quot;:&quot;&quot;,&quot;sizes&quot;:[]},&quot;image_spacing_custom_mobile&quot;:{&quot;unit&quot;:&quot;px&quot;,&quot;size&quot;:&quot;&quot;,&quot;sizes&quot;:[]}}\" data-widget_type=\"nested-carousel.default\">\n\t\t\t\t<div class=\"elementor-widget-container\">\n\t\t\t\t\t\t\t<div class=\"e-n-carousel swiper\" role=\"region\" aria-roledescription=\"carousel\" aria-label=\"Carousel\" dir=\"ltr\">\n\t\t\t<div class=\"swiper-wrapper\" aria-live=\"off\">\n\t\t\t\t\t\t\t\t\t\t<div class=\"swiper-slide\" data-slide=\"1\" role=\"group\" aria-roledescription=\"slide\" aria-label=\"1 of 4\">\n\t\t\t\t\t\t\t<div class=\"elementor-element elementor-element-47c6329 e-flex e-con-boxed e-con e-child\" data-id=\"47c6329\" data-element_type=\"container\">\n\t\t\t\t\t<div class=\"e-con-inner\">\n\t\t<div class=\"elementor-element elementor-element-283abd1 e-con-full e-flex e-con e-child\" data-id=\"283abd1\" data-element_type=\"container\">\n\t\t\t\t<div class=\"elementor-element elementor-element-4b378c4 elementor-widget__width-initial elementor-position-top elementor-widget elementor-widget-image-box\" data-id=\"4b378c4\" data-element_type=\"widget\" data-widget_type=\"image-box.default\">\n\t\t\t\t<div class=\"elementor-widget-container\">\n\t\t\t\t\t<div class=\"elementor-image-box-wrapper\"><figure class=\"elementor-image-box-img\"><img fetchpriority=\"high\" decoding=\"async\" width=\"407\" height=\"500\" src=\"https:\/\/www.trypportoexpo.com\/wp-content\/uploads\/sites\/12\/2024\/04\/Tryp_Porto_Centro_Gastronomia.jpg\" class=\"attachment-full size-full wp-image-15077\" alt=\"Tryp_Porto_Centro_Gastronomia.jpg\" srcset=\"https:\/\/www.trypportoexpo.com\/wp-content\/uploads\/sites\/12\/2024\/04\/Tryp_Porto_Centro_Gastronomia.jpg 407w, https:\/\/www.trypportoexpo.com\/wp-content\/uploads\/sites\/12\/2024\/04\/Tryp_Porto_Centro_Gastronomia-244x300.jpg 244w\" sizes=\"(max-width: 407px) 100vw, 407px\" \/><\/figure><div class=\"elementor-image-box-content\"><h3 class=\"elementor-image-box-title\">Gastronomy<\/h3><p class=\"elementor-image-box-description\">Known for its hospitality, the city is famous for its gastronomy and Port wine.<\/p><\/div><\/div>\t\t\t\t<\/div>\n\t\t\t\t<\/div>\n\t\t\t\t<\/div>\n\t\t\t\t\t<\/div>\n\t\t\t\t<\/div>\n\t\t\t\t\t\t\t\t<\/div>\n\t\t\t\t\t\t\t\t\t\t\t<div class=\"swiper-slide\" data-slide=\"2\" role=\"group\" aria-roledescription=\"slide\" aria-label=\"2 of 4\">\n\t\t\t\t\t\t\t<div class=\"elementor-element elementor-element-86f937c e-flex e-con-boxed e-con e-child\" data-id=\"86f937c\" data-element_type=\"container\">\n\t\t\t\t\t<div class=\"e-con-inner\">\n\t\t\t\t<div class=\"elementor-element elementor-element-1dab69a elementor-widget__width-initial elementor-position-top elementor-widget elementor-widget-image-box\" data-id=\"1dab69a\" data-element_type=\"widget\" data-widget_type=\"image-box.default\">\n\t\t\t\t<div class=\"elementor-widget-container\">\n\t\t\t\t\t<div class=\"elementor-image-box-wrapper\"><figure class=\"elementor-image-box-img\"><img decoding=\"async\" width=\"407\" height=\"500\" src=\"https:\/\/www.trypportoexpo.com\/wp-content\/uploads\/sites\/12\/2024\/04\/Tryp_Porto_Centro_Patrimonio.jpg\" class=\"attachment-full size-full wp-image-15082\" alt=\"Tryp_Porto_Centro_Patrimonio.jpg\" srcset=\"https:\/\/www.trypportoexpo.com\/wp-content\/uploads\/sites\/12\/2024\/04\/Tryp_Porto_Centro_Patrimonio.jpg 407w, https:\/\/www.trypportoexpo.com\/wp-content\/uploads\/sites\/12\/2024\/04\/Tryp_Porto_Centro_Patrimonio-244x300.jpg 244w\" sizes=\"(max-width: 407px) 100vw, 407px\" \/><\/figure><div class=\"elementor-image-box-content\"><h3 class=\"elementor-image-box-title\">Heritage<\/h3><p class=\"elementor-image-box-description\">Be amazed by Porto's architectural wealth and make sure you visit the renowned Lello Bookshop, the halls of the Pal\u00e1cio da Bolsa, the Cl\u00e9rigos Tower and the Aliados Square.<\/p><\/div><\/div>\t\t\t\t<\/div>\n\t\t\t\t<\/div>\n\t\t\t\t\t<\/div>\n\t\t\t\t<\/div>\n\t\t\t\t\t\t\t\t<\/div>\n\t\t\t\t\t\t\t\t\t\t\t<div class=\"swiper-slide\" data-slide=\"3\" role=\"group\" aria-roledescription=\"slide\" aria-label=\"3 of 4\">\n\t\t\t\t\t\t\t<div class=\"elementor-element elementor-element-b8bb8c4 e-flex e-con-boxed e-con e-child\" data-id=\"b8bb8c4\" data-element_type=\"container\">\n\t\t\t\t\t<div class=\"e-con-inner\">\n\t\t\t\t<div class=\"elementor-element elementor-element-5f02fdf elementor-widget__width-initial elementor-position-top elementor-widget elementor-widget-image-box\" data-id=\"5f02fdf\" data-element_type=\"widget\" data-widget_type=\"image-box.default\">\n\t\t\t\t<div class=\"elementor-widget-container\">\n\t\t\t\t\t<div class=\"elementor-image-box-wrapper\"><figure class=\"elementor-image-box-img\"><img decoding=\"async\" width=\"407\" height=\"500\" src=\"https:\/\/www.trypportoexpo.com\/wp-content\/uploads\/sites\/12\/2024\/04\/Tryp_Porto_Centro_Cultura.jpg\" class=\"attachment-full size-full wp-image-15087\" alt=\"Tryp_Porto_Centro_Cultura.jpg\" srcset=\"https:\/\/www.trypportoexpo.com\/wp-content\/uploads\/sites\/12\/2024\/04\/Tryp_Porto_Centro_Cultura.jpg 407w, https:\/\/www.trypportoexpo.com\/wp-content\/uploads\/sites\/12\/2024\/04\/Tryp_Porto_Centro_Cultura-244x300.jpg 244w\" sizes=\"(max-width: 407px) 100vw, 407px\" \/><\/figure><div class=\"elementor-image-box-content\"><h3 class=\"elementor-image-box-title\">Culture<\/h3><p class=\"elementor-image-box-description\">Immerse yourself in the city's cultural life. Take the opportunity to see a show or visit an exhibition at the Casa da M\u00fasica or the Coliseu do Porto.<\/p><\/div><\/div>\t\t\t\t<\/div>\n\t\t\t\t<\/div>\n\t\t\t\t\t<\/div>\n\t\t\t\t<\/div>\n\t\t\t\t\t\t\t\t<\/div>\n\t\t\t\t\t\t\t\t\t\t\t<div class=\"swiper-slide\" data-slide=\"4\" role=\"group\" aria-roledescription=\"slide\" aria-label=\"4 of 4\">\n\t\t\t\t\t\t\t<div class=\"elementor-element elementor-element-898816d e-flex e-con-boxed e-con e-child\" data-id=\"898816d\" data-element_type=\"container\">\n\t\t\t\t\t<div class=\"e-con-inner\">\n\t\t\t\t<div class=\"elementor-element elementor-element-78a3cf5 elementor-widget__width-initial elementor-position-top elementor-widget elementor-widget-image-box\" data-id=\"78a3cf5\" data-element_type=\"widget\" data-widget_type=\"image-box.default\">\n\t\t\t\t<div class=\"elementor-widget-container\">\n\t\t\t\t\t<div class=\"elementor-image-box-wrapper\"><figure class=\"elementor-image-box-img\"><img loading=\"lazy\" decoding=\"async\" width=\"407\" height=\"500\" src=\"https:\/\/www.trypportoexpo.com\/wp-content\/uploads\/sites\/12\/2024\/04\/Tryp_Porto_Centro_Entertenimento.jpg\" class=\"attachment-full size-full wp-image-15047\" alt=\"Tryp_Porto_Centro_Entertenimento.jpg\" srcset=\"https:\/\/www.trypportoexpo.com\/wp-content\/uploads\/sites\/12\/2024\/04\/Tryp_Porto_Centro_Entertenimento.jpg 407w, https:\/\/www.trypportoexpo.com\/wp-content\/uploads\/sites\/12\/2024\/04\/Tryp_Porto_Centro_Entertenimento-244x300.jpg 244w\" sizes=\"(max-width: 407px) 100vw, 407px\" \/><\/figure><div class=\"elementor-image-box-content\"><h3 class=\"elementor-image-box-title\">Entertainment<\/h3><p class=\"elementor-image-box-description\">Porto offers a multitude of experiences that will make your stay unforgettable. Be sure to visit the World of Discoveries theme park and the Sea Life aquarium. You can also take the opportunity to do some shopping in Via Santa Catarina and end the day with a glass of Port wine.<\/p><\/div><\/div>\t\t\t\t<\/div>\n\t\t\t\t<\/div>\n\t\t\t\t\t<\/div>\n\t\t\t\t<\/div>\n\t\t\t\t\t\t\t\t<\/div>\n\t\t\t\t\t\t\t\t<\/div>\n\t\t<\/div>\n\t\t\t\t\t\t<\/div>\n\t\t\t\t<\/div>\n\t\t\t\t<\/div>\n\t\t\t\t<\/div>\n\t\t<div class=\"elementor-element elementor-element-125b609 e-con-full e-flex e-con e-parent\" data-id=\"125b609\" data-element_type=\"container\">\n\t\t\t\t<div class=\"elementor-element elementor-element-94020d4 elementor-widget elementor-widget-heading\" data-id=\"94020d4\" data-element_type=\"widget\" data-widget_type=\"heading.default\">\n\t\t\t\t<div class=\"elementor-widget-container\">\n\t\t\t\t\t<h5 class=\"elementor-heading-title elementor-size-default\">How to get there via the airport<\/h5>\t\t\t\t<\/div>\n\t\t\t\t<\/div>\n\t\t\t\t<\/div>\n\t\t<section class=\"elementor-element elementor-element-66eba0c e-con-full e-flex e-con e-parent\" data-id=\"66eba0c\" data-element_type=\"container\">\n\t\t\t\t<div class=\"elementor-element elementor-element-498e537 elementor-widget__width-initial elementor-view-default elementor-position-top elementor-mobile-position-top elementor-widget elementor-widget-icon-box\" data-id=\"498e537\" data-element_type=\"widget\" data-widget_type=\"icon-box.default\">\n\t\t\t\t<div class=\"elementor-widget-container\">\n\t\t\t\t\t\t\t<div class=\"elementor-icon-box-wrapper\">\n\n\t\t\t\t\t\t<div class=\"elementor-icon-box-icon\">\n\t\t\t\t<span  class=\"elementor-icon\">\n\t\t\t\t<i aria-hidden=\"true\" class=\"fal fa-bus-alt\"><\/i>\t\t\t\t<\/span>\n\t\t\t<\/div>\n\t\t\t\n\t\t\t\t\t\t<div class=\"elementor-icon-box-content\">\n\n\t\t\t\t\t\t\t\t\t<h3 class=\"elementor-icon-box-title\">\n\t\t\t\t\t\t<span  >\n\t\t\t\t\t\t\tBus\t\t\t\t\t\t<\/span>\n\t\t\t\t\t<\/h3>\n\t\t\t\t\n\t\t\t\t\t\t\t\t\t<p class=\"elementor-icon-box-description\">\n\t\t\t\t\t\tBus line n\u00ba601 connects the Airport to the Hotel, as well as the Hotel to the City Centre. Line 507 also connects the Hotel to the City Centre.\t\t\t\t\t<\/p>\n\t\t\t\t\n\t\t\t<\/div>\n\t\t\t\n\t\t<\/div>\n\t\t\t\t\t\t<\/div>\n\t\t\t\t<\/div>\n\t\t\t\t<div class=\"elementor-element elementor-element-d9868fe elementor-widget__width-initial elementor-view-default elementor-position-top elementor-mobile-position-top elementor-widget elementor-widget-icon-box\" data-id=\"d9868fe\" data-element_type=\"widget\" data-widget_type=\"icon-box.default\">\n\t\t\t\t<div class=\"elementor-widget-container\">\n\t\t\t\t\t\t\t<div class=\"elementor-icon-box-wrapper\">\n\n\t\t\t\t\t\t<div class=\"elementor-icon-box-icon\">\n\t\t\t\t<span  class=\"elementor-icon\">\n\t\t\t\t<i aria-hidden=\"true\" class=\"fal fa-cars\"><\/i>\t\t\t\t<\/span>\n\t\t\t<\/div>\n\t\t\t\n\t\t\t\t\t\t<div class=\"elementor-icon-box-content\">\n\n\t\t\t\t\t\t\t\t\t<h3 class=\"elementor-icon-box-title\">\n\t\t\t\t\t\t<span  >\n\t\t\t\t\t\t\tRent-a-car\t\t\t\t\t\t<\/span>\n\t\t\t\t\t<\/h3>\n\t\t\t\t\n\t\t\t\t\t\t\t\t\t<p class=\"elementor-icon-box-description\">\n\t\t\t\t\t\tYou can hire a car at the arrivals area of the airport through car hire companies. Another option is to book in advance.\t\t\t\t\t<\/p>\n\t\t\t\t\n\t\t\t<\/div>\n\t\t\t\n\t\t<\/div>\n\t\t\t\t\t\t<\/div>\n\t\t\t\t<\/div>\n\t\t\t\t<div class=\"elementor-element elementor-element-9c58221 elementor-widget__width-initial elementor-view-default elementor-position-top elementor-mobile-position-top elementor-widget elementor-widget-icon-box\" data-id=\"9c58221\" data-element_type=\"widget\" data-widget_type=\"icon-box.default\">\n\t\t\t\t<div class=\"elementor-widget-container\">\n\t\t\t\t\t\t\t<div class=\"elementor-icon-box-wrapper\">\n\n\t\t\t\t\t\t<div class=\"elementor-icon-box-icon\">\n\t\t\t\t<span  class=\"elementor-icon\">\n\t\t\t\t<i aria-hidden=\"true\" class=\"fal fa-taxi\"><\/i>\t\t\t\t<\/span>\n\t\t\t<\/div>\n\t\t\t\n\t\t\t\t\t\t<div class=\"elementor-icon-box-content\">\n\n\t\t\t\t\t\t\t\t\t<h3 class=\"elementor-icon-box-title\">\n\t\t\t\t\t\t<span  >\n\t\t\t\t\t\t\tTaxi\t\t\t\t\t\t<\/span>\n\t\t\t\t\t<\/h3>\n\t\t\t\t\n\t\t\t\t\t\t\t\t\t<p class=\"elementor-icon-box-description\">\n\t\t\t\t\t\tThe average taxi fare from the airport is around 15.00\u20ac. The amount charged for the journey is the same and does not depend on the number of passengers in the vehicle. \t\t\t\t\t<\/p>\n\t\t\t\t\n\t\t\t<\/div>\n\t\t\t\n\t\t<\/div>\n\t\t\t\t\t\t<\/div>\n\t\t\t\t<\/div>\n\t\t\t\t<\/section>\n\t\t<div class=\"elementor-element elementor-element-5b02f88 e-con-full e-flex e-con e-parent\" data-id=\"5b02f88\" data-element_type=\"container\">\n\t\t\t\t<div class=\"elementor-element elementor-element-6436f4b elementor-widget elementor-widget-heading\" data-id=\"6436f4b\" data-element_type=\"widget\" data-widget_type=\"heading.default\">\n\t\t\t\t<div class=\"elementor-widget-container\">\n\t\t\t\t\t<h5 class=\"elementor-heading-title elementor-size-default\">How to arrive by land<\/h5>\t\t\t\t<\/div>\n\t\t\t\t<\/div>\n\t\t\t\t<\/div>\n\t\t<section class=\"elementor-element elementor-element-68e1207 e-con-full e-flex e-con e-parent\" data-id=\"68e1207\" data-element_type=\"container\">\n\t\t\t\t<div class=\"elementor-element elementor-element-b7576dd elementor-widget__width-initial elementor-view-default elementor-position-top elementor-mobile-position-top elementor-widget elementor-widget-icon-box\" data-id=\"b7576dd\" data-element_type=\"widget\" data-widget_type=\"icon-box.default\">\n\t\t\t\t<div class=\"elementor-widget-container\">\n\t\t\t\t\t\t\t<div class=\"elementor-icon-box-wrapper\">\n\n\t\t\t\t\t\t<div class=\"elementor-icon-box-icon\">\n\t\t\t\t<span  class=\"elementor-icon\">\n\t\t\t\t<i aria-hidden=\"true\" class=\"fal fa-bus-alt\"><\/i>\t\t\t\t<\/span>\n\t\t\t<\/div>\n\t\t\t\n\t\t\t\t\t\t<div class=\"elementor-icon-box-content\">\n\n\t\t\t\t\t\t\t\t\t<h3 class=\"elementor-icon-box-title\">\n\t\t\t\t\t\t<span  >\n\t\t\t\t\t\t\tCity Transport\t\t\t\t\t\t<\/span>\n\t\t\t\t\t<\/h3>\n\t\t\t\t\n\t\t\t\t\t\t\t\t\t<p class=\"elementor-icon-box-description\">\n\t\t\t\t\t\tWithin the city, public urban transport is provided by STCP buses and Metro do PORTO.\t\t\t\t\t<\/p>\n\t\t\t\t\n\t\t\t<\/div>\n\t\t\t\n\t\t<\/div>\n\t\t\t\t\t\t<\/div>\n\t\t\t\t<\/div>\n\t\t\t\t<div class=\"elementor-element elementor-element-a44ec4f elementor-widget__width-initial elementor-view-default elementor-position-top elementor-mobile-position-top elementor-widget elementor-widget-icon-box\" data-id=\"a44ec4f\" data-element_type=\"widget\" data-widget_type=\"icon-box.default\">\n\t\t\t\t<div class=\"elementor-widget-container\">\n\t\t\t\t\t\t\t<div class=\"elementor-icon-box-wrapper\">\n\n\t\t\t\t\t\t<div class=\"elementor-icon-box-icon\">\n\t\t\t\t<span  class=\"elementor-icon\">\n\t\t\t\t<i aria-hidden=\"true\" class=\"fal fa-bus-alt\"><\/i>\t\t\t\t<\/span>\n\t\t\t<\/div>\n\t\t\t\n\t\t\t\t\t\t<div class=\"elementor-icon-box-content\">\n\n\t\t\t\t\t\t\t\t\t<h3 class=\"elementor-icon-box-title\">\n\t\t\t\t\t\t<span  >\n\t\t\t\t\t\t\tBus\t\t\t\t\t\t<\/span>\n\t\t\t\t\t<\/h3>\n\t\t\t\t\n\t\t\t\t\t\t\t\t\t<p class=\"elementor-icon-box-description\">\n\t\t\t\t\t\tRoad transport companies such as Rede Nacional de Expressos and InterNorte connect Porto to various places in Europe. InterNorte makes journeys to almost all the main European cities. Other bus companies cover the entire country, from north to south.\t\t\t\t\t<\/p>\n\t\t\t\t\n\t\t\t<\/div>\n\t\t\t\n\t\t<\/div>\n\t\t\t\t\t\t<\/div>\n\t\t\t\t<\/div>\n\t\t\t\t<div class=\"elementor-element elementor-element-0be7b23 elementor-widget__width-initial elementor-view-default elementor-position-top elementor-mobile-position-top elementor-widget elementor-widget-icon-box\" data-id=\"0be7b23\" data-element_type=\"widget\" data-widget_type=\"icon-box.default\">\n\t\t\t\t<div class=\"elementor-widget-container\">\n\t\t\t\t\t\t\t<div class=\"elementor-icon-box-wrapper\">\n\n\t\t\t\t\t\t<div class=\"elementor-icon-box-icon\">\n\t\t\t\t<span  class=\"elementor-icon\">\n\t\t\t\t<i aria-hidden=\"true\" class=\"fal fa-train\"><\/i>\t\t\t\t<\/span>\n\t\t\t<\/div>\n\t\t\t\n\t\t\t\t\t\t<div class=\"elementor-icon-box-content\">\n\n\t\t\t\t\t\t\t\t\t<h3 class=\"elementor-icon-box-title\">\n\t\t\t\t\t\t<span  >\n\t\t\t\t\t\t\tTrain\t\t\t\t\t\t<\/span>\n\t\t\t\t\t<\/h3>\n\t\t\t\t\n\t\t\t\t\t\t\t\t\t<p class=\"elementor-icon-box-description\">\n\t\t\t\t\t\tPorto has two main stations for national and international connections. Campanh\u00e3 station: Rail transport to Lisbon, the Douro, Minho and international destinations. S. Bento station: Regional connections, Galicia, the Douro and Minho regions, Aveiro and Coimbra.\t\t\t\t\t<\/p>\n\t\t\t\t\n\t\t\t<\/div>\n\t\t\t\n\t\t<\/div>\n\t\t\t\t\t\t<\/div>\n\t\t\t\t<\/div>\n\t\t\t\t<\/section>\n\t\t<section class=\"elementor-element elementor-element-97e3e7d e-con-full e-flex e-con e-parent\" data-id=\"97e3e7d\" data-element_type=\"container\">\n\t\t<div class=\"elementor-element elementor-element-abf23e2 e-con-full e-flex e-con e-child\" data-id=\"abf23e2\" data-element_type=\"container\">\n\t\t<div class=\"elementor-element elementor-element-dc7695c e-con-full e-flex e-con e-child\" data-id=\"dc7695c\" data-element_type=\"container\">\n\t\t<div class=\"elementor-element elementor-element-092cd4f e-con-full e-flex e-con e-child\" data-id=\"092cd4f\" data-element_type=\"container\" id=\"cardstitles\">\n\t\t\t\t<div class=\"elementor-element elementor-element-76e6c34 elementor-widget elementor-widget-heading\" data-id=\"76e6c34\" data-element_type=\"widget\" data-widget_type=\"heading.default\">\n\t\t\t\t<div class=\"elementor-widget-container\">\n\t\t\t\t\t<h2 class=\"elementor-heading-title elementor-size-default\">events<\/h2>\t\t\t\t<\/div>\n\t\t\t\t<\/div>\n\t\t\t\t<div class=\"elementor-element elementor-element-27b60cb elementor-widget elementor-widget-heading\" data-id=\"27b60cb\" data-element_type=\"widget\" data-widget_type=\"heading.default\">\n\t\t\t\t<div class=\"elementor-widget-container\">\n\t\t\t\t\t<h2 class=\"elementor-heading-title elementor-size-default\">in Porto<\/h2>\t\t\t\t<\/div>\n\t\t\t\t<\/div>\n\t\t\t\t<\/div>\n\t\t\t\t<\/div>\n\t\t<div class=\"elementor-element elementor-element-2b1447d e-con-full e-flex e-con e-child\" data-id=\"2b1447d\" data-element_type=\"container\">\n\t\t\t\t<div class=\"elementor-element elementor-element-e49afc5 elementor-widget elementor-widget-n-carousel\" data-id=\"e49afc5\" data-element_type=\"widget\" data-settings=\"{&quot;carousel_items&quot;:[{&quot;slide_title&quot;:&quot;Slide #1&quot;,&quot;_id&quot;:&quot;bc1ad8d&quot;},{&quot;slide_title&quot;:&quot;Slide #2&quot;,&quot;_id&quot;:&quot;817f723&quot;}],&quot;slides_to_show&quot;:&quot;3&quot;,&quot;image_spacing_custom&quot;:{&quot;unit&quot;:&quot;px&quot;,&quot;size&quot;:&quot;30&quot;,&quot;sizes&quot;:[]},&quot;slides_to_show_mobile_extra&quot;:&quot;1&quot;,&quot;slides_to_scroll_mobile_extra&quot;:&quot;1&quot;,&quot;slides_to_show_tablet&quot;:&quot;2&quot;,&quot;slides_to_show_mobile&quot;:&quot;1&quot;,&quot;autoplay&quot;:&quot;yes&quot;,&quot;autoplay_speed&quot;:5000,&quot;pause_on_hover&quot;:&quot;yes&quot;,&quot;pause_on_interaction&quot;:&quot;yes&quot;,&quot;speed&quot;:500,&quot;image_spacing_custom_tablet_extra&quot;:{&quot;unit&quot;:&quot;px&quot;,&quot;size&quot;:&quot;&quot;,&quot;sizes&quot;:[]},&quot;image_spacing_custom_tablet&quot;:{&quot;unit&quot;:&quot;px&quot;,&quot;size&quot;:&quot;&quot;,&quot;sizes&quot;:[]},&quot;image_spacing_custom_mobile_extra&quot;:{&quot;unit&quot;:&quot;px&quot;,&quot;size&quot;:&quot;&quot;,&quot;sizes&quot;:[]},&quot;image_spacing_custom_mobile&quot;:{&quot;unit&quot;:&quot;px&quot;,&quot;size&quot;:&quot;&quot;,&quot;sizes&quot;:[]}}\" data-widget_type=\"nested-carousel.default\">\n\t\t\t\t<div class=\"elementor-widget-container\">\n\t\t\t\t\t\t\t<div class=\"e-n-carousel swiper\" role=\"region\" aria-roledescription=\"carousel\" aria-label=\"Carousel\" dir=\"ltr\">\n\t\t\t<div class=\"swiper-wrapper\" aria-live=\"off\">\n\t\t\t\t\t\t\t\t\t\t<div class=\"swiper-slide\" data-slide=\"1\" role=\"group\" aria-roledescription=\"slide\" aria-label=\"1 of 2\">\n\t\t\t\t\t\t\t<div class=\"elementor-element elementor-element-731d2b7 e-flex e-con-boxed e-con e-child\" data-id=\"731d2b7\" data-element_type=\"container\">\n\t\t\t\t\t<div class=\"e-con-inner\">\n\t\t<div class=\"elementor-element elementor-element-486d91b e-con-full e-flex e-con e-child\" data-id=\"486d91b\" data-element_type=\"container\">\n\t\t\t\t<div class=\"elementor-element elementor-element-2318343 elementor-widget__width-initial elementor-position-top elementor-widget elementor-widget-image-box\" data-id=\"2318343\" data-element_type=\"widget\" data-widget_type=\"image-box.default\">\n\t\t\t\t<div class=\"elementor-widget-container\">\n\t\t\t\t\t<div class=\"elementor-image-box-wrapper\"><figure class=\"elementor-image-box-img\"><a href=\"https:\/\/maresvivas.meo.pt\/pt\" target=\"_blank\" tabindex=\"-1\"><img loading=\"lazy\" decoding=\"async\" width=\"407\" height=\"500\" src=\"https:\/\/www.trypportoexpo.com\/wp-content\/uploads\/sites\/12\/2024\/04\/Tryp_Porto_Centro_Festival_Mares_Vivas.jpg\" class=\"attachment-full size-full wp-image-15092\" alt=\"Tryp_Porto_Centro_Festival_Mares_Vivas.jpg\" srcset=\"https:\/\/www.trypportoexpo.com\/wp-content\/uploads\/sites\/12\/2024\/04\/Tryp_Porto_Centro_Festival_Mares_Vivas.jpg 407w, https:\/\/www.trypportoexpo.com\/wp-content\/uploads\/sites\/12\/2024\/04\/Tryp_Porto_Centro_Festival_Mares_Vivas-244x300.jpg 244w\" sizes=\"(max-width: 407px) 100vw, 407px\" \/><\/a><\/figure><div class=\"elementor-image-box-content\"><h3 class=\"elementor-image-box-title\"><a href=\"https:\/\/maresvivas.meo.pt\/pt\" target=\"_blank\">Mar\u00e9s Vivas Festival<\/a><\/h3><p class=\"elementor-image-box-description\">The Mar\u00e9s Vivas Festival is a cultural and musical event that takes place annually in the city of Porto, bringing together national and international artists in a vibrant seaside setting.<\/p><\/div><\/div>\t\t\t\t<\/div>\n\t\t\t\t<\/div>\n\t\t\t\t<\/div>\n\t\t\t\t\t<\/div>\n\t\t\t\t<\/div>\n\t\t\t\t\t\t\t\t<\/div>\n\t\t\t\t\t\t\t\t\t\t\t<div class=\"swiper-slide\" data-slide=\"2\" role=\"group\" aria-roledescription=\"slide\" aria-label=\"2 of 2\">\n\t\t\t\t\t\t\t<div class=\"elementor-element elementor-element-9b9a07e e-flex e-con-boxed e-con e-child\" data-id=\"9b9a07e\" data-element_type=\"container\">\n\t\t\t\t\t<div class=\"e-con-inner\">\n\t\t\t\t<div class=\"elementor-element elementor-element-8645467 elementor-widget__width-initial elementor-position-top elementor-widget elementor-widget-image-box\" data-id=\"8645467\" data-element_type=\"widget\" data-widget_type=\"image-box.default\">\n\t\t\t\t<div class=\"elementor-widget-container\">\n\t\t\t\t\t<div class=\"elementor-image-box-wrapper\"><figure class=\"elementor-image-box-img\"><a href=\"https:\/\/www.primaverasound.com\/en\/porto\" target=\"_blank\" tabindex=\"-1\"><img loading=\"lazy\" decoding=\"async\" width=\"407\" height=\"500\" src=\"https:\/\/www.trypportoexpo.com\/wp-content\/uploads\/sites\/12\/2024\/04\/Tryp_Porto_Centro_Primavera_Sound_Fest.jpg\" class=\"attachment-full size-full wp-image-15097\" alt=\"Tryp_Porto_Centro_Primavera_Sound_Fest.jpg\" srcset=\"https:\/\/www.trypportoexpo.com\/wp-content\/uploads\/sites\/12\/2024\/04\/Tryp_Porto_Centro_Primavera_Sound_Fest.jpg 407w, https:\/\/www.trypportoexpo.com\/wp-content\/uploads\/sites\/12\/2024\/04\/Tryp_Porto_Centro_Primavera_Sound_Fest-244x300.jpg 244w\" sizes=\"(max-width: 407px) 100vw, 407px\" \/><\/a><\/figure><div class=\"elementor-image-box-content\"><h3 class=\"elementor-image-box-title\"><a href=\"https:\/\/www.primaverasound.com\/en\/porto\" target=\"_blank\">Primavera Sound Fest<\/a><\/h3><p class=\"elementor-image-box-description\">Primavera Sound is an annual music festival held in Parque da Cidade in Porto, Portugal. Known for its musical diversity and vibrant atmosphere, it attracts artists and fans from all over the world for three days of exciting performances.<\/p><\/div><\/div>\t\t\t\t<\/div>\n\t\t\t\t<\/div>\n\t\t\t\t\t<\/div>\n\t\t\t\t<\/div>\n\t\t\t\t\t\t\t\t<\/div>\n\t\t\t\t\t\t\t\t<\/div>\n\t\t<\/div>\n\t\t\t\t\t\t<\/div>\n\t\t\t\t<\/div>\n\t\t\t\t<\/div>\n\t\t\t\t<\/div>\n\t\t\t\t<\/section>\n\t\t\t\t<\/div>\n\t\t","protected":false},"excerpt":{"rendered":"<p>Porto We offer you the magic of the city of Porto with its bridges and its cultural dynamics, its speed in business, its unique architecture, its mythical gastronomy, its wines of excellence and its lively nightlife.Visit Porto and feel yourself growing inside. Savour the ancient and the modern accompanied by a glass of one of [&hellip;]<\/p>\n","protected":false},"author":1,"featured_media":0,"parent":0,"menu_order":0,"comment_status":"closed","ping_status":"closed","template":"","meta":{"_acf_changed":false,"footnotes":""},"class_list":["post-6193","page","type-page","status-publish","hentry"],"acf":[],"yoast_head":"<!-- This site is optimized with the Yoast SEO plugin v24.5 - https:\/\/yoast.com\/wordpress\/plugins\/seo\/ -->\n<title>Porto - Tryp Porto Expo<\/title>\n<meta name=\"description\" content=\"O TRYP Porto Expo Hotel \u00e9 uma moderna unidade de 4 estrelas, situado junto \u00e0 Exponor, a 1,5km da praia, 5 km do Aeroporto e a poucos minutos do centro.\" \/>\n<meta name=\"robots\" content=\"index, follow, max-snippet:-1, max-image-preview:large, max-video-preview:-1\" \/>\n<link rel=\"canonical\" href=\"https:\/\/www.trypportoexpo.com\/en\/porto\/\" \/>\n<meta property=\"og:locale\" content=\"en_US\" \/>\n<meta property=\"og:type\" content=\"article\" \/>\n<meta property=\"og:title\" content=\"Porto - Tryp Porto Expo\" \/>\n<meta property=\"og:description\" content=\"O TRYP Porto Expo Hotel \u00e9 uma moderna unidade de 4 estrelas, situado junto \u00e0 Exponor, a 1,5km da praia, 5 km do Aeroporto e a poucos minutos do centro.\" \/>\n<meta property=\"og:url\" content=\"https:\/\/www.trypportoexpo.com\/en\/porto\/\" \/>\n<meta property=\"og:site_name\" content=\"Tryp Porto Expo\" \/>\n<meta property=\"article:publisher\" content=\"https:\/\/www.facebook.com\/TRYPPortoExpo\/\" \/>\n<meta property=\"article:modified_time\" content=\"2025-01-14T18:25:18+00:00\" \/>\n<meta property=\"og:image\" content=\"https:\/\/www.trypportoexpo.com\/wp-content\/uploads\/sites\/12\/2024\/04\/Tryp_Porto_Centro_Gastronomia.jpg\" \/>\n\t<meta property=\"og:image:width\" content=\"407\" \/>\n\t<meta property=\"og:image:height\" content=\"500\" \/>\n\t<meta property=\"og:image:type\" content=\"image\/jpeg\" \/>\n<meta name=\"twitter:card\" content=\"summary_large_image\" \/>\n<meta name=\"twitter:label1\" content=\"Est. reading time\" \/>\n\t<meta name=\"twitter:data1\" content=\"8 minutes\" \/>\n<script type=\"application\/ld+json\" class=\"yoast-schema-graph\">{\"@context\":\"https:\/\/schema.org\",\"@graph\":[{\"@type\":\"WebPage\",\"@id\":\"https:\/\/www.trypportoexpo.com\/en\/porto\/\",\"url\":\"https:\/\/www.trypportoexpo.com\/en\/porto\/\",\"name\":\"Porto - Tryp Porto Expo\",\"isPartOf\":{\"@id\":\"https:\/\/www.trypportoexpo.com\/en\/#website\"},\"primaryImageOfPage\":{\"@id\":\"https:\/\/www.trypportoexpo.com\/en\/porto\/#primaryimage\"},\"image\":{\"@id\":\"https:\/\/www.trypportoexpo.com\/en\/porto\/#primaryimage\"},\"thumbnailUrl\":\"https:\/\/www.trypportoexpo.com\/wp-content\/uploads\/sites\/12\/2024\/04\/Tryp_Porto_Centro_Gastronomia.jpg\",\"datePublished\":\"2023-12-19T12:17:38+00:00\",\"dateModified\":\"2025-01-14T18:25:18+00:00\",\"description\":\"O TRYP Porto Expo Hotel \u00e9 uma moderna unidade de 4 estrelas, situado junto \u00e0 Exponor, a 1,5km da praia, 5 km do Aeroporto e a poucos minutos do centro.\",\"breadcrumb\":{\"@id\":\"https:\/\/www.trypportoexpo.com\/en\/porto\/#breadcrumb\"},\"inLanguage\":\"en-US\",\"potentialAction\":[{\"@type\":\"ReadAction\",\"target\":[\"https:\/\/www.trypportoexpo.com\/en\/porto\/\"]}]},{\"@type\":\"ImageObject\",\"inLanguage\":\"en-US\",\"@id\":\"https:\/\/www.trypportoexpo.com\/en\/porto\/#primaryimage\",\"url\":\"https:\/\/www.trypportoexpo.com\/wp-content\/uploads\/sites\/12\/2024\/04\/Tryp_Porto_Centro_Gastronomia.jpg\",\"contentUrl\":\"https:\/\/www.trypportoexpo.com\/wp-content\/uploads\/sites\/12\/2024\/04\/Tryp_Porto_Centro_Gastronomia.jpg\"},{\"@type\":\"BreadcrumbList\",\"@id\":\"https:\/\/www.trypportoexpo.com\/en\/porto\/#breadcrumb\",\"itemListElement\":[{\"@type\":\"ListItem\",\"position\":1,\"name\":\"In\u00edcio\",\"item\":\"https:\/\/www.trypportoexpo.com\/en\/\"},{\"@type\":\"ListItem\",\"position\":2,\"name\":\"Porto\"}]},{\"@type\":\"WebSite\",\"@id\":\"https:\/\/www.trypportoexpo.com\/en\/#website\",\"url\":\"https:\/\/www.trypportoexpo.com\/en\/\",\"name\":\"TRYP Porto Expo\",\"description\":\"4-Star Hotel in Le\u00e7a da Palmeira - Porto\",\"publisher\":{\"@id\":\"https:\/\/www.trypportoexpo.com\/en\/#organization\"},\"alternateName\":\"TRYP Porto Expo\",\"potentialAction\":[{\"@type\":\"SearchAction\",\"target\":{\"@type\":\"EntryPoint\",\"urlTemplate\":\"https:\/\/www.trypportoexpo.com\/en\/?s={search_term_string}\"},\"query-input\":{\"@type\":\"PropertyValueSpecification\",\"valueRequired\":true,\"valueName\":\"search_term_string\"}}],\"inLanguage\":\"en-US\"},{\"@type\":\"Organization\",\"@id\":\"https:\/\/www.trypportoexpo.com\/en\/#organization\",\"name\":\"Tryp Porto Expo\",\"alternateName\":\"Tryp Porto Expo\",\"url\":\"https:\/\/www.trypportoexpo.com\/en\/\",\"logo\":{\"@type\":\"ImageObject\",\"inLanguage\":\"en-US\",\"@id\":\"https:\/\/www.trypportoexpo.com\/en\/#\/schema\/logo\/image\/\",\"url\":\"https:\/\/www.trypportoexpo.com\/wp-content\/uploads\/sites\/12\/2024\/04\/TrypPortoExpo_Logo.svg\",\"contentUrl\":\"https:\/\/www.trypportoexpo.com\/wp-content\/uploads\/sites\/12\/2024\/04\/TrypPortoExpo_Logo.svg\",\"width\":166,\"height\":90,\"caption\":\"Tryp Porto Expo\"},\"image\":{\"@id\":\"https:\/\/www.trypportoexpo.com\/en\/#\/schema\/logo\/image\/\"},\"sameAs\":[\"https:\/\/www.facebook.com\/TRYPPortoExpo\/\",\"https:\/\/www.linkedin.com\/company\/hoti-hoteis\/\",\"https:\/\/www.tripadvisor.pt\/UserReviewEdit-g1066094-d286807-TRYP_by_Wyndham_Porto_Expo_Hotel-Leca_da_Palmeira_Porto_District_Northern_Portugal.html\"]}]}<\/script>\n<!-- \/ Yoast SEO plugin. -->","yoast_head_json":{"title":"Porto - Tryp Porto Expo","description":"O TRYP Porto Expo Hotel \u00e9 uma moderna unidade de 4 estrelas, situado junto \u00e0 Exponor, a 1,5km da praia, 5 km do Aeroporto e a poucos minutos do centro.","robots":{"index":"index","follow":"follow","max-snippet":"max-snippet:-1","max-image-preview":"max-image-preview:large","max-video-preview":"max-video-preview:-1"},"canonical":"https:\/\/www.trypportoexpo.com\/en\/porto\/","og_locale":"en_US","og_type":"article","og_title":"Porto - Tryp Porto Expo","og_description":"O TRYP Porto Expo Hotel \u00e9 uma moderna unidade de 4 estrelas, situado junto \u00e0 Exponor, a 1,5km da praia, 5 km do Aeroporto e a poucos minutos do centro.","og_url":"https:\/\/www.trypportoexpo.com\/en\/porto\/","og_site_name":"Tryp Porto Expo","article_publisher":"https:\/\/www.facebook.com\/TRYPPortoExpo\/","article_modified_time":"2025-01-14T18:25:18+00:00","og_image":[{"width":407,"height":500,"url":"https:\/\/www.trypportoexpo.com\/wp-content\/uploads\/sites\/12\/2024\/04\/Tryp_Porto_Centro_Gastronomia.jpg","type":"image\/jpeg"}],"twitter_card":"summary_large_image","twitter_misc":{"Est. reading time":"8 minutes"},"schema":{"@context":"https:\/\/schema.org","@graph":[{"@type":"WebPage","@id":"https:\/\/www.trypportoexpo.com\/en\/porto\/","url":"https:\/\/www.trypportoexpo.com\/en\/porto\/","name":"Porto - Tryp Porto Expo","isPartOf":{"@id":"https:\/\/www.trypportoexpo.com\/en\/#website"},"primaryImageOfPage":{"@id":"https:\/\/www.trypportoexpo.com\/en\/porto\/#primaryimage"},"image":{"@id":"https:\/\/www.trypportoexpo.com\/en\/porto\/#primaryimage"},"thumbnailUrl":"https:\/\/www.trypportoexpo.com\/wp-content\/uploads\/sites\/12\/2024\/04\/Tryp_Porto_Centro_Gastronomia.jpg","datePublished":"2023-12-19T12:17:38+00:00","dateModified":"2025-01-14T18:25:18+00:00","description":"O TRYP Porto Expo Hotel \u00e9 uma moderna unidade de 4 estrelas, situado junto \u00e0 Exponor, a 1,5km da praia, 5 km do Aeroporto e a poucos minutos do centro.","breadcrumb":{"@id":"https:\/\/www.trypportoexpo.com\/en\/porto\/#breadcrumb"},"inLanguage":"en-US","potentialAction":[{"@type":"ReadAction","target":["https:\/\/www.trypportoexpo.com\/en\/porto\/"]}]},{"@type":"ImageObject","inLanguage":"en-US","@id":"https:\/\/www.trypportoexpo.com\/en\/porto\/#primaryimage","url":"https:\/\/www.trypportoexpo.com\/wp-content\/uploads\/sites\/12\/2024\/04\/Tryp_Porto_Centro_Gastronomia.jpg","contentUrl":"https:\/\/www.trypportoexpo.com\/wp-content\/uploads\/sites\/12\/2024\/04\/Tryp_Porto_Centro_Gastronomia.jpg"},{"@type":"BreadcrumbList","@id":"https:\/\/www.trypportoexpo.com\/en\/porto\/#breadcrumb","itemListElement":[{"@type":"ListItem","position":1,"name":"In\u00edcio","item":"https:\/\/www.trypportoexpo.com\/en\/"},{"@type":"ListItem","position":2,"name":"Porto"}]},{"@type":"WebSite","@id":"https:\/\/www.trypportoexpo.com\/en\/#website","url":"https:\/\/www.trypportoexpo.com\/en\/","name":"TRYP Porto Expo","description":"4-Star Hotel in Le\u00e7a da Palmeira - Porto","publisher":{"@id":"https:\/\/www.trypportoexpo.com\/en\/#organization"},"alternateName":"TRYP Porto Expo","potentialAction":[{"@type":"SearchAction","target":{"@type":"EntryPoint","urlTemplate":"https:\/\/www.trypportoexpo.com\/en\/?s={search_term_string}"},"query-input":{"@type":"PropertyValueSpecification","valueRequired":true,"valueName":"search_term_string"}}],"inLanguage":"en-US"},{"@type":"Organization","@id":"https:\/\/www.trypportoexpo.com\/en\/#organization","name":"Tryp Porto Expo","alternateName":"Tryp Porto Expo","url":"https:\/\/www.trypportoexpo.com\/en\/","logo":{"@type":"ImageObject","inLanguage":"en-US","@id":"https:\/\/www.trypportoexpo.com\/en\/#\/schema\/logo\/image\/","url":"https:\/\/www.trypportoexpo.com\/wp-content\/uploads\/sites\/12\/2024\/04\/TrypPortoExpo_Logo.svg","contentUrl":"https:\/\/www.trypportoexpo.com\/wp-content\/uploads\/sites\/12\/2024\/04\/TrypPortoExpo_Logo.svg","width":166,"height":90,"caption":"Tryp Porto Expo"},"image":{"@id":"https:\/\/www.trypportoexpo.com\/en\/#\/schema\/logo\/image\/"},"sameAs":["https:\/\/www.facebook.com\/TRYPPortoExpo\/","https:\/\/www.linkedin.com\/company\/hoti-hoteis\/","https:\/\/www.tripadvisor.pt\/UserReviewEdit-g1066094-d286807-TRYP_by_Wyndham_Porto_Expo_Hotel-Leca_da_Palmeira_Porto_District_Northern_Portugal.html"]}]}},"_links":{"self":[{"href":"https:\/\/www.trypportoexpo.com\/en\/wp-json\/wp\/v2\/pages\/6193","targetHints":{"allow":["GET"]}}],"collection":[{"href":"https:\/\/www.trypportoexpo.com\/en\/wp-json\/wp\/v2\/pages"}],"about":[{"href":"https:\/\/www.trypportoexpo.com\/en\/wp-json\/wp\/v2\/types\/page"}],"author":[{"embeddable":true,"href":"https:\/\/www.trypportoexpo.com\/en\/wp-json\/wp\/v2\/users\/1"}],"replies":[{"embeddable":true,"href":"https:\/\/www.trypportoexpo.com\/en\/wp-json\/wp\/v2\/comments?post=6193"}],"version-history":[{"count":10,"href":"https:\/\/www.trypportoexpo.com\/en\/wp-json\/wp\/v2\/pages\/6193\/revisions"}],"predecessor-version":[{"id":18724,"href":"https:\/\/www.trypportoexpo.com\/en\/wp-json\/wp\/v2\/pages\/6193\/revisions\/18724"}],"wp:attachment":[{"href":"https:\/\/www.trypportoexpo.com\/en\/wp-json\/wp\/v2\/media?parent=6193"}],"curies":[{"name":"wp","href":"https:\/\/api.w.org\/{rel}","templated":true}]}}