{"id":16368,"date":"2024-04-05T16:02:22","date_gmt":"2024-04-05T15:02:22","guid":{"rendered":"https:\/\/portoexpo.hoti.shareit.pt\/politica-ambiental\/"},"modified":"2025-01-14T17:41:14","modified_gmt":"2025-01-14T17:41:14","slug":"politique-environnementale","status":"publish","type":"page","link":"https:\/\/www.trypportoexpo.com\/fr\/politique-environnementale\/","title":{"rendered":"Politique environnementale"},"content":{"rendered":"\t\t<div data-elementor-type=\"wp-page\" data-elementor-id=\"16368\" class=\"elementor elementor-16368 elementor-14170\" data-elementor-post-type=\"page\">\n\t\t\t\t<section class=\"elementor-element elementor-element-9d18320 e-con-full e-flex e-con e-parent\" data-id=\"9d18320\" data-element_type=\"container\" data-settings=\"{&quot;background_background&quot;:&quot;classic&quot;}\">\n\t\t<div class=\"elementor-element elementor-element-edc3c07 e-con-full e-flex e-con e-child\" data-id=\"edc3c07\" data-element_type=\"container\">\n\t\t\t\t<div class=\"elementor-element elementor-element-0517a6e elementor-widget elementor-widget-heading\" data-id=\"0517a6e\" data-element_type=\"widget\" data-widget_type=\"heading.default\">\n\t\t\t\t<div class=\"elementor-widget-container\">\n\t\t\t\t\t<h1 class=\"elementor-heading-title elementor-size-default\">POLITIQUE <\/h1>\t\t\t\t<\/div>\n\t\t\t\t<\/div>\n\t\t\t\t<div class=\"elementor-element elementor-element-14f695f elementor-widget elementor-widget-heading\" data-id=\"14f695f\" data-element_type=\"widget\" data-widget_type=\"heading.default\">\n\t\t\t\t<div class=\"elementor-widget-container\">\n\t\t\t\t\t<h2 class=\"elementor-heading-title elementor-size-default\">ENVIRONNEMENTALE<\/h2>\t\t\t\t<\/div>\n\t\t\t\t<\/div>\n\t\t\t\t<\/div>\n\t\t\t\t<\/section>\n\t\t<section class=\"elementor-element elementor-element-8e7a29a e-con-full e-flex e-con e-parent\" data-id=\"8e7a29a\" data-element_type=\"container\">\n\t\t\t\t<div class=\"elementor-element elementor-element-5428f0b elementor-widget elementor-widget-text-editor\" data-id=\"5428f0b\" data-element_type=\"widget\" data-widget_type=\"text-editor.default\">\n\t\t\t\t<div class=\"elementor-widget-container\">\n\t\t\t\t\t\t\t\t\t<p>Le <strong>Tryp Porto Expo<\/strong> est pleinement conscient de l&#8217;importance d&#8217;une gestion responsable et durable dans le d\u00e9veloppement de l&#8217;h\u00f4tellerie. Inspir\u00e9s par ce concept, nous avons pris un engagement que nous avons consolid\u00e9 avec des lignes directrices fondamentales pour le succ\u00e8s. Ces lignes directrices nous permettent de contribuer aux bonnes pratiques environnementales afin de minimiser les impacts respectifs en termes de pollution, de garantir la pr\u00e9servation des ressources naturelles et d&#8217;encourager le tourisme durable. \u00c0 cette fin, le <strong>Tryp Porto Expo<\/strong> \u00e9tablit cette politique dans les termes suivants:<\/p>\t\t\t\t\t\t\t\t<\/div>\n\t\t\t\t<\/div>\n\t\t\t\t<\/section>\n\t\t<section class=\"elementor-element elementor-element-540cb73 e-con-full e-flex e-con e-parent\" data-id=\"540cb73\" data-element_type=\"container\">\n\t\t<div class=\"elementor-element elementor-element-e3e1f7c e-con-full e-flex e-con e-child\" data-id=\"e3e1f7c\" data-element_type=\"container\" data-settings=\"{&quot;background_background&quot;:&quot;classic&quot;}\">\n\t\t\t\t<div class=\"elementor-element elementor-element-917d9c4 elementor-widget elementor-widget-spacer\" data-id=\"917d9c4\" data-element_type=\"widget\" data-widget_type=\"spacer.default\">\n\t\t\t\t<div class=\"elementor-widget-container\">\n\t\t\t\t\t\t\t<div class=\"elementor-spacer\">\n\t\t\t<div class=\"elementor-spacer-inner\"><\/div>\n\t\t<\/div>\n\t\t\t\t\t\t<\/div>\n\t\t\t\t<\/div>\n\t\t\t\t<\/div>\n\t\t<div class=\"elementor-element elementor-element-75fb5c0 e-con-full e-flex e-con e-child\" data-id=\"75fb5c0\" data-element_type=\"container\">\n\t\t<div class=\"elementor-element elementor-element-5fdd577 e-con-full e-flex e-con e-child\" data-id=\"5fdd577\" data-element_type=\"container\">\n\t\t\t\t<div class=\"elementor-element elementor-element-ca4faff elementor-widget elementor-widget-text-editor\" data-id=\"ca4faff\" data-element_type=\"widget\" data-widget_type=\"text-editor.default\">\n\t\t\t\t<div class=\"elementor-widget-container\">\n\t\t\t\t\t\t\t\t\t<div class=\"ewa-rteLine\">Se conformer aux exigences l\u00e9gales et environnementales applicables \u00e0 son activit\u00e9, en \u00e9valuant r\u00e9guli\u00e8rement ses impacts<\/div><div class=\"ewa-rteLine\">\u00a0<\/div><div class=\"ewa-rteLine\">Promouvoir la sensibilisation et la formation \u00e0 l&#8217;environnement aupr\u00e8s des employ\u00e9s afin de les impliquer et de les former aux bonnes pratiques environnementales<\/div><div class=\"ewa-rteLine\">\u00a0<\/div><div class=\"ewa-rteLine\">Coop\u00e9rer et promouvoir la communication avec les organismes gouvernementaux et externes et les associations<\/div>\t\t\t\t\t\t\t\t<\/div>\n\t\t\t\t<\/div>\n\t\t\t\t<\/div>\n\t\t\t\t<\/div>\n\t\t\t\t<\/section>\n\t\t<section class=\"elementor-element elementor-element-f1caa94 e-con-full e-flex e-con e-parent\" data-id=\"f1caa94\" data-element_type=\"container\">\n\t\t<div class=\"elementor-element elementor-element-64a55ec e-con-full e-flex e-con e-child\" data-id=\"64a55ec\" data-element_type=\"container\">\n\t\t<div class=\"elementor-element elementor-element-de462c9 e-con-full e-flex e-con e-child\" data-id=\"de462c9\" data-element_type=\"container\">\n\t\t\t\t<div class=\"elementor-element elementor-element-6920d70 elementor-widget__width-initial elementor-widget elementor-widget-text-editor\" data-id=\"6920d70\" data-element_type=\"widget\" data-widget_type=\"text-editor.default\">\n\t\t\t\t<div class=\"elementor-widget-container\">\n\t\t\t\t\t\t\t\t\t<div class=\"ewa-rteLine\"><div class=\"ewa-rteLine\">Encourager l&#8217;implication des fournisseurs dans les questions de bonnes pratiques environnementales en vue d&#8217;am\u00e9liorer les performances dans ce domaine et celles de l&#8217;ensemble de l&#8217;op\u00e9ration concern\u00e9e<\/div><div class=\"ewa-rteLine\">\u00a0<\/div><div class=\"ewa-rteLine\">R\u00e9duire et contr\u00f4ler la consommation d&#8217;\u00e9nergie et de mati\u00e8res premi\u00e8res<\/div><div class=\"ewa-rteLine\">\u00a0<\/div><div class=\"ewa-rteLine\">Adopter une attitude d&#8217;am\u00e9lioration continue en mati\u00e8re de pr\u00e9vention de la pollution<\/div><div class=\"ewa-rteLine\">\u00a0<\/div><div class=\"ewa-rteLine\">Consolider la conqu\u00eate de clients d\u00e9sireux de profiter des services offerts par l&#8217;entreprise, avec un niveau de qualit\u00e9 \u00e9lev\u00e9<\/div><\/div>\t\t\t\t\t\t\t\t<\/div>\n\t\t\t\t<\/div>\n\t\t\t\t<\/div>\n\t\t\t\t<\/div>\n\t\t<div class=\"elementor-element elementor-element-62a522c e-con-full e-flex e-con e-child\" data-id=\"62a522c\" data-element_type=\"container\" data-settings=\"{&quot;background_background&quot;:&quot;classic&quot;}\">\n\t\t\t\t<div class=\"elementor-element elementor-element-dc7eb9a elementor-widget elementor-widget-spacer\" data-id=\"dc7eb9a\" data-element_type=\"widget\" data-widget_type=\"spacer.default\">\n\t\t\t\t<div class=\"elementor-widget-container\">\n\t\t\t\t\t\t\t<div class=\"elementor-spacer\">\n\t\t\t<div class=\"elementor-spacer-inner\"><\/div>\n\t\t<\/div>\n\t\t\t\t\t\t<\/div>\n\t\t\t\t<\/div>\n\t\t\t\t<\/div>\n\t\t\t\t<\/section>\n\t\t<section class=\"elementor-element elementor-element-033af9c e-con-full e-flex e-con e-parent\" data-id=\"033af9c\" data-element_type=\"container\">\n\t\t\t\t<div class=\"elementor-element elementor-element-e1c660b elementor-widget elementor-widget-text-editor\" data-id=\"e1c660b\" data-element_type=\"widget\" data-widget_type=\"text-editor.default\">\n\t\t\t\t<div class=\"elementor-widget-container\">\n\t\t\t\t\t\t\t\t\t<p>En tenant compte de ces principes, ainsi qu&#8217;en fournissant les ressources n\u00e9cessaires et appropri\u00e9es, y compris un engagement envers des ressources humaines sp\u00e9cialis\u00e9es, avec une formation r\u00e9guli\u00e8re et un \u00e9quipement technologiquement avanc\u00e9, le Tryp Porto Expo cherche toujours \u00e0 satisfaire pleinement les besoins et les attentes de ses clients.<\/p>\t\t\t\t\t\t\t\t<\/div>\n\t\t\t\t<\/div>\n\t\t\t\t<\/section>\n\t\t\t\t<\/div>\n\t\t","protected":false},"excerpt":{"rendered":"<p>POLITIQUE ENVIRONNEMENTALE Le Tryp Porto Expo est pleinement conscient de l&#8217;importance d&#8217;une gestion responsable et durable dans le d\u00e9veloppement de l&#8217;h\u00f4tellerie. Inspir\u00e9s par ce concept, nous avons pris un engagement que nous avons consolid\u00e9 avec des lignes directrices fondamentales pour le succ\u00e8s. Ces lignes directrices nous permettent de contribuer aux bonnes pratiques environnementales afin de [&hellip;]<\/p>\n","protected":false},"author":1,"featured_media":0,"parent":0,"menu_order":0,"comment_status":"closed","ping_status":"closed","template":"","meta":{"_acf_changed":false,"footnotes":""},"class_list":["post-16368","page","type-page","status-publish","hentry"],"acf":[],"yoast_head":"<!-- This site is optimized with the Yoast SEO plugin v24.5 - https:\/\/yoast.com\/wordpress\/plugins\/seo\/ -->\n<title>Politique environnementale - Tryp Porto Expo<\/title>\n<meta name=\"description\" content=\"O TRYP Porto Expo Hotel \u00e9 uma moderna unidade de 4 estrelas, situado junto \u00e0 Exponor, a 1,5km da praia, 5 km do Aeroporto e a poucos minutos do centro.\" \/>\n<meta name=\"robots\" content=\"index, follow, max-snippet:-1, max-image-preview:large, max-video-preview:-1\" \/>\n<link rel=\"canonical\" href=\"https:\/\/www.trypportoexpo.com\/fr\/politique-environnementale\/\" \/>\n<meta property=\"og:locale\" content=\"fr_FR\" \/>\n<meta property=\"og:type\" content=\"article\" \/>\n<meta property=\"og:title\" content=\"Politique environnementale - Tryp Porto Expo\" \/>\n<meta property=\"og:description\" content=\"O TRYP Porto Expo Hotel \u00e9 uma moderna unidade de 4 estrelas, situado junto \u00e0 Exponor, a 1,5km da praia, 5 km do Aeroporto e a poucos minutos do centro.\" \/>\n<meta property=\"og:url\" content=\"https:\/\/www.trypportoexpo.com\/fr\/politique-environnementale\/\" \/>\n<meta property=\"og:site_name\" content=\"Tryp Porto Expo\" \/>\n<meta property=\"article:publisher\" content=\"https:\/\/www.facebook.com\/TRYPPortoExpo\/\" \/>\n<meta property=\"article:modified_time\" content=\"2025-01-14T17:41:14+00:00\" \/>\n<meta property=\"og:image\" content=\"https:\/\/www.trypportoexpo.com\/wp-content\/uploads\/sites\/12\/2024\/04\/TRYP_Porto_Expo_Open-Graph.jpg\" \/>\n\t<meta property=\"og:image:width\" content=\"1200\" \/>\n\t<meta property=\"og:image:height\" content=\"630\" \/>\n\t<meta property=\"og:image:type\" content=\"image\/jpeg\" \/>\n<meta name=\"twitter:card\" content=\"summary_large_image\" \/>\n<meta name=\"twitter:label1\" content=\"Dur\u00e9e de lecture estim\u00e9e\" \/>\n\t<meta name=\"twitter:data1\" content=\"2 minutes\" \/>\n<script type=\"application\/ld+json\" class=\"yoast-schema-graph\">{\"@context\":\"https:\/\/schema.org\",\"@graph\":[{\"@type\":\"WebPage\",\"@id\":\"https:\/\/www.trypportoexpo.com\/fr\/politique-environnementale\/\",\"url\":\"https:\/\/www.trypportoexpo.com\/fr\/politique-environnementale\/\",\"name\":\"Politique environnementale - Tryp Porto Expo\",\"isPartOf\":{\"@id\":\"https:\/\/www.trypportoexpo.com\/fr\/#website\"},\"datePublished\":\"2024-04-05T15:02:22+00:00\",\"dateModified\":\"2025-01-14T17:41:14+00:00\",\"description\":\"O TRYP Porto Expo Hotel \u00e9 uma moderna unidade de 4 estrelas, situado junto \u00e0 Exponor, a 1,5km da praia, 5 km do Aeroporto e a poucos minutos do centro.\",\"breadcrumb\":{\"@id\":\"https:\/\/www.trypportoexpo.com\/fr\/politique-environnementale\/#breadcrumb\"},\"inLanguage\":\"fr-FR\",\"potentialAction\":[{\"@type\":\"ReadAction\",\"target\":[\"https:\/\/www.trypportoexpo.com\/fr\/politique-environnementale\/\"]}]},{\"@type\":\"BreadcrumbList\",\"@id\":\"https:\/\/www.trypportoexpo.com\/fr\/politique-environnementale\/#breadcrumb\",\"itemListElement\":[{\"@type\":\"ListItem\",\"position\":1,\"name\":\"In\u00edcio\",\"item\":\"https:\/\/www.trypportoexpo.com\/fr\/\"},{\"@type\":\"ListItem\",\"position\":2,\"name\":\"Politique environnementale\"}]},{\"@type\":\"WebSite\",\"@id\":\"https:\/\/www.trypportoexpo.com\/fr\/#website\",\"url\":\"https:\/\/www.trypportoexpo.com\/fr\/\",\"name\":\"TRYP Porto Expo\",\"description\":\"H\u00f4tel 4 \u00e9toiles \u00e0 Le\u00e7a da Palmeira - Porto\",\"publisher\":{\"@id\":\"https:\/\/www.trypportoexpo.com\/fr\/#organization\"},\"alternateName\":\"TRYP Porto Expo\",\"potentialAction\":[{\"@type\":\"SearchAction\",\"target\":{\"@type\":\"EntryPoint\",\"urlTemplate\":\"https:\/\/www.trypportoexpo.com\/fr\/?s={search_term_string}\"},\"query-input\":{\"@type\":\"PropertyValueSpecification\",\"valueRequired\":true,\"valueName\":\"search_term_string\"}}],\"inLanguage\":\"fr-FR\"},{\"@type\":\"Organization\",\"@id\":\"https:\/\/www.trypportoexpo.com\/fr\/#organization\",\"name\":\"Tryp Porto Expo\",\"alternateName\":\"Tryp Porto Expo\",\"url\":\"https:\/\/www.trypportoexpo.com\/fr\/\",\"logo\":{\"@type\":\"ImageObject\",\"inLanguage\":\"fr-FR\",\"@id\":\"https:\/\/www.trypportoexpo.com\/fr\/#\/schema\/logo\/image\/\",\"url\":\"https:\/\/www.trypportoexpo.com\/wp-content\/uploads\/sites\/12\/2024\/04\/TrypPortoExpo_Logo.svg\",\"contentUrl\":\"https:\/\/www.trypportoexpo.com\/wp-content\/uploads\/sites\/12\/2024\/04\/TrypPortoExpo_Logo.svg\",\"width\":166,\"height\":90,\"caption\":\"Tryp Porto Expo\"},\"image\":{\"@id\":\"https:\/\/www.trypportoexpo.com\/fr\/#\/schema\/logo\/image\/\"},\"sameAs\":[\"https:\/\/www.facebook.com\/TRYPPortoExpo\/\",\"https:\/\/www.linkedin.com\/company\/hoti-hoteis\/\",\"https:\/\/www.tripadvisor.pt\/UserReviewEdit-g1066094-d286807-TRYP_by_Wyndham_Porto_Expo_Hotel-Leca_da_Palmeira_Porto_District_Northern_Portugal.html\"]}]}<\/script>\n<!-- \/ Yoast SEO plugin. -->","yoast_head_json":{"title":"Politique environnementale - Tryp Porto Expo","description":"O TRYP Porto Expo Hotel \u00e9 uma moderna unidade de 4 estrelas, situado junto \u00e0 Exponor, a 1,5km da praia, 5 km do Aeroporto e a poucos minutos do centro.","robots":{"index":"index","follow":"follow","max-snippet":"max-snippet:-1","max-image-preview":"max-image-preview:large","max-video-preview":"max-video-preview:-1"},"canonical":"https:\/\/www.trypportoexpo.com\/fr\/politique-environnementale\/","og_locale":"fr_FR","og_type":"article","og_title":"Politique environnementale - Tryp Porto Expo","og_description":"O TRYP Porto Expo Hotel \u00e9 uma moderna unidade de 4 estrelas, situado junto \u00e0 Exponor, a 1,5km da praia, 5 km do Aeroporto e a poucos minutos do centro.","og_url":"https:\/\/www.trypportoexpo.com\/fr\/politique-environnementale\/","og_site_name":"Tryp Porto Expo","article_publisher":"https:\/\/www.facebook.com\/TRYPPortoExpo\/","article_modified_time":"2025-01-14T17:41:14+00:00","og_image":[{"width":1200,"height":630,"url":"https:\/\/www.trypportoexpo.com\/wp-content\/uploads\/sites\/12\/2024\/04\/TRYP_Porto_Expo_Open-Graph.jpg","type":"image\/jpeg"}],"twitter_card":"summary_large_image","twitter_misc":{"Dur\u00e9e de lecture estim\u00e9e":"2 minutes"},"schema":{"@context":"https:\/\/schema.org","@graph":[{"@type":"WebPage","@id":"https:\/\/www.trypportoexpo.com\/fr\/politique-environnementale\/","url":"https:\/\/www.trypportoexpo.com\/fr\/politique-environnementale\/","name":"Politique environnementale - Tryp Porto Expo","isPartOf":{"@id":"https:\/\/www.trypportoexpo.com\/fr\/#website"},"datePublished":"2024-04-05T15:02:22+00:00","dateModified":"2025-01-14T17:41:14+00:00","description":"O TRYP Porto Expo Hotel \u00e9 uma moderna unidade de 4 estrelas, situado junto \u00e0 Exponor, a 1,5km da praia, 5 km do Aeroporto e a poucos minutos do centro.","breadcrumb":{"@id":"https:\/\/www.trypportoexpo.com\/fr\/politique-environnementale\/#breadcrumb"},"inLanguage":"fr-FR","potentialAction":[{"@type":"ReadAction","target":["https:\/\/www.trypportoexpo.com\/fr\/politique-environnementale\/"]}]},{"@type":"BreadcrumbList","@id":"https:\/\/www.trypportoexpo.com\/fr\/politique-environnementale\/#breadcrumb","itemListElement":[{"@type":"ListItem","position":1,"name":"In\u00edcio","item":"https:\/\/www.trypportoexpo.com\/fr\/"},{"@type":"ListItem","position":2,"name":"Politique environnementale"}]},{"@type":"WebSite","@id":"https:\/\/www.trypportoexpo.com\/fr\/#website","url":"https:\/\/www.trypportoexpo.com\/fr\/","name":"TRYP Porto Expo","description":"H\u00f4tel 4 \u00e9toiles \u00e0 Le\u00e7a da Palmeira - Porto","publisher":{"@id":"https:\/\/www.trypportoexpo.com\/fr\/#organization"},"alternateName":"TRYP Porto Expo","potentialAction":[{"@type":"SearchAction","target":{"@type":"EntryPoint","urlTemplate":"https:\/\/www.trypportoexpo.com\/fr\/?s={search_term_string}"},"query-input":{"@type":"PropertyValueSpecification","valueRequired":true,"valueName":"search_term_string"}}],"inLanguage":"fr-FR"},{"@type":"Organization","@id":"https:\/\/www.trypportoexpo.com\/fr\/#organization","name":"Tryp Porto Expo","alternateName":"Tryp Porto Expo","url":"https:\/\/www.trypportoexpo.com\/fr\/","logo":{"@type":"ImageObject","inLanguage":"fr-FR","@id":"https:\/\/www.trypportoexpo.com\/fr\/#\/schema\/logo\/image\/","url":"https:\/\/www.trypportoexpo.com\/wp-content\/uploads\/sites\/12\/2024\/04\/TrypPortoExpo_Logo.svg","contentUrl":"https:\/\/www.trypportoexpo.com\/wp-content\/uploads\/sites\/12\/2024\/04\/TrypPortoExpo_Logo.svg","width":166,"height":90,"caption":"Tryp Porto Expo"},"image":{"@id":"https:\/\/www.trypportoexpo.com\/fr\/#\/schema\/logo\/image\/"},"sameAs":["https:\/\/www.facebook.com\/TRYPPortoExpo\/","https:\/\/www.linkedin.com\/company\/hoti-hoteis\/","https:\/\/www.tripadvisor.pt\/UserReviewEdit-g1066094-d286807-TRYP_by_Wyndham_Porto_Expo_Hotel-Leca_da_Palmeira_Porto_District_Northern_Portugal.html"]}]}},"_links":{"self":[{"href":"https:\/\/www.trypportoexpo.com\/fr\/wp-json\/wp\/v2\/pages\/16368","targetHints":{"allow":["GET"]}}],"collection":[{"href":"https:\/\/www.trypportoexpo.com\/fr\/wp-json\/wp\/v2\/pages"}],"about":[{"href":"https:\/\/www.trypportoexpo.com\/fr\/wp-json\/wp\/v2\/types\/page"}],"author":[{"embeddable":true,"href":"https:\/\/www.trypportoexpo.com\/fr\/wp-json\/wp\/v2\/users\/1"}],"replies":[{"embeddable":true,"href":"https:\/\/www.trypportoexpo.com\/fr\/wp-json\/wp\/v2\/comments?post=16368"}],"version-history":[{"count":10,"href":"https:\/\/www.trypportoexpo.com\/fr\/wp-json\/wp\/v2\/pages\/16368\/revisions"}],"predecessor-version":[{"id":18570,"href":"https:\/\/www.trypportoexpo.com\/fr\/wp-json\/wp\/v2\/pages\/16368\/revisions\/18570"}],"wp:attachment":[{"href":"https:\/\/www.trypportoexpo.com\/fr\/wp-json\/wp\/v2\/media?parent=16368"}],"curies":[{"name":"wp","href":"https:\/\/api.w.org\/{rel}","templated":true}]}}